{"id":3037,"date":"2025-01-03T16:48:53","date_gmt":"2025-01-03T15:48:53","guid":{"rendered":"https:\/\/en-classe.festivaldemarseille.com\/?page_id=3037"},"modified":"2025-09-01T15:38:11","modified_gmt":"2025-09-01T13:38:11","slug":"manifete-eac-2025","status":"publish","type":"page","link":"https:\/\/en-classe.festivaldemarseille.com\/index.php\/manifete-eac-2025\/","title":{"rendered":"Manif\u00eate &#8211; Projet 2025"},"content":{"rendered":"<p>[et_pb_section fb_built=\u00a0\u00bb1&Prime; _builder_version=\u00a0\u00bb4.14.4&Prime; _module_preset=\u00a0\u00bbdefault\u00a0\u00bb collapsed=\u00a0\u00bboff\u00a0\u00bb global_colors_info=\u00a0\u00bb{}\u00a0\u00bb][et_pb_row make_equal=\u00a0\u00bbon\u00a0\u00bb _builder_version=\u00a0\u00bb4.14.4&Prime; _module_preset=\u00a0\u00bbdefault\u00a0\u00bb module_alignment=\u00a0\u00bbcenter\u00a0\u00bb custom_css_main_element=\u00a0\u00bbalign-items:flex-end;\u00a0\u00bb global_colors_info=\u00a0\u00bb{}\u00a0\u00bb][et_pb_column type=\u00a0\u00bb4_4&Prime; _builder_version=\u00a0\u00bb4.14.4&Prime; _module_preset=\u00a0\u00bbdefault\u00a0\u00bb custom_css_main_element=\u00a0\u00bbalign-items:flex-end;\u00a0\u00bb global_colors_info=\u00a0\u00bb{}\u00a0\u00bb][et_pb_text _builder_version=\u00a0\u00bb4.14.4&Prime; _module_preset=\u00a0\u00bbdefault\u00a0\u00bb global_colors_info=\u00a0\u00bb{}\u00a0\u00bb]<\/p>\n<h1>LA MANIFETE &#8211; le projet de l&rsquo;\u00e9dition 2025<\/h1>\n<p>[\/et_pb_text][et_pb_text _builder_version=\u00a0\u00bb4.14.4&Prime; _module_preset=\u00a0\u00bbdefault\u00a0\u00bb text_font_size=\u00a0\u00bb20px\u00a0\u00bb global_colors_info=\u00a0\u00bb{}\u00a0\u00bb]<\/p>\n<blockquote>\n<p><span class=\"OYPEnA font-feature-liga-off font-feature-clig-off font-feature-calt-off text-decoration-underline text-strikethrough-none\">Manif\u00eate, nf<\/span><span class=\"OYPEnA font-feature-liga-off font-feature-clig-off font-feature-calt-off text-strikethrough-none text-decoration-none\"> : grande manifestation culturelle chor\u00e9graphi\u00e9e,<\/span><span class=\"OYPEnA font-feature-liga-off font-feature-clig-off font-feature-calt-off text-strikethrough-none text-decoration-none\"> dans l\u2019espace public, <\/span><span class=\"OYPEnA font-feature-liga-off font-feature-clig-off font-feature-calt-off text-strikethrough-none text-decoration-none\">dont l\u2019objectif est de porter et c\u00e9l\u00e9brer les droits, les r\u00eaves et les engagements des enfants !<\/span><\/p>\n<\/blockquote>\n<p>[\/et_pb_text][\/et_pb_column][\/et_pb_row][et_pb_row _builder_version=\u00a0\u00bb4.14.4&Prime; _module_preset=\u00a0\u00bbdefault\u00a0\u00bb global_colors_info=\u00a0\u00bb{}\u00a0\u00bb][et_pb_column type=\u00a0\u00bb4_4&Prime; _builder_version=\u00a0\u00bb4.14.4&Prime; _module_preset=\u00a0\u00bbdefault\u00a0\u00bb global_colors_info=\u00a0\u00bb{}\u00a0\u00bb][et_pb_text _builder_version=\u00a0\u00bb4.14.4&Prime; _module_preset=\u00a0\u00bbdefault\u00a0\u00bb global_colors_info=\u00a0\u00bb{}\u00a0\u00bb]<\/p>\n<p>Pour l&rsquo;\u00e9dition 2025, le Festival de Marseille a d\u00e9cid\u00e9 de rassembler les \u00e9l\u00e8ves b\u00e9n\u00e9ficiant d\u2019un parcours d\u2019\u00e9ducation artistique et culturelle autour d\u2019un grand projet : la Manif\u00eate.<\/p>\n<p>Pens\u00e9e en collaboration avec le th\u00e9\u00e2tre Badaboum, la Manif\u00eate a eu pour ambition d\u2019ouvrir un espace dans lequel les \u00e9l\u00e8ves s\u2019expriment librement, avec la po\u00e9sie du corps et des mots. Le droit \u00e0 la participation \u00e9tait au c\u0153ur de la d\u00e9marche. C\u2019est en se penchant avec chacun\u2219e sur ses \u00e9motions, son rapport \u00e0 la ville, aux autres, \u00e0 l\u2019art que les enfants pourront prendre conscience de leur pouvoir d\u2019agir et explorer leur potentiel cr\u00e9atif.<\/p>\n<p>Les \u00e9l\u00e8ves ont port\u00e9 leur voix dans l\u2019espace public \u00e0 l\u2019occasion de cette manifestation chor\u00e9graphi\u00e9e, v\u00e9ritable cr\u00e9ation artistique qui a ouvert la 30<span style=\"font-size: x-small;\"><sup>e<\/sup><\/span> \u00e9dition du Festival de Marseille<\/p>\n<p>[\/et_pb_text][\/et_pb_column][\/et_pb_row][\/et_pb_section][et_pb_section fb_built=\u00a0\u00bb1&Prime; _builder_version=\u00a0\u00bb4.14.4&Prime; _module_preset=\u00a0\u00bbdefault\u00a0\u00bb collapsed=\u00a0\u00bboff\u00a0\u00bb global_colors_info=\u00a0\u00bb{}\u00a0\u00bb][et_pb_row _builder_version=\u00a0\u00bb4.14.4&Prime; _module_preset=\u00a0\u00bbdefault\u00a0\u00bb global_colors_info=\u00a0\u00bb{}\u00a0\u00bb][et_pb_column type=\u00a0\u00bb4_4&Prime; _builder_version=\u00a0\u00bb4.14.4&Prime; _module_preset=\u00a0\u00bbdefault\u00a0\u00bb global_colors_info=\u00a0\u00bb{}\u00a0\u00bb][et_pb_gallery gallery_ids=\u00a0\u00bb4838,4837,4840,4823,4824,4834&Prime; admin_label=\u00a0\u00bbGalerie\u00a0\u00bb _builder_version=\u00a0\u00bb4.14.4&Prime; _module_preset=\u00a0\u00bbdefault\u00a0\u00bb global_colors_info=\u00a0\u00bb{}\u00a0\u00bb][\/et_pb_gallery][\/et_pb_column][\/et_pb_row][\/et_pb_section][et_pb_section fb_built=\u00a0\u00bb1&Prime; _builder_version=\u00a0\u00bb4.14.4&Prime; _module_preset=\u00a0\u00bbdefault\u00a0\u00bb global_colors_info=\u00a0\u00bb{}\u00a0\u00bb][et_pb_row _builder_version=\u00a0\u00bb4.14.4&Prime; _module_preset=\u00a0\u00bbdefault\u00a0\u00bb border_radii=\u00a0\u00bbon|5px|5px|5px|5px\u00a0\u00bb global_colors_info=\u00a0\u00bb{}\u00a0\u00bb][et_pb_column type=\u00a0\u00bb4_4&Prime; _builder_version=\u00a0\u00bb4.14.4&Prime; _module_preset=\u00a0\u00bbdefault\u00a0\u00bb global_colors_info=\u00a0\u00bb{}\u00a0\u00bb][et_pb_text _builder_version=\u00a0\u00bb4.14.4&Prime; _module_preset=\u00a0\u00bbdefault\u00a0\u00bb background_color=\u00a0\u00bb#f29ebe\u00a0\u00bb global_colors_info=\u00a0\u00bb{}\u00a0\u00bb]<\/p>\n<h4 style=\"text-align: center;\">Une d\u00e9ambulation chor\u00e9graphi\u00e9, de la place du g\u00e9n\u00e9ral de Gaulle \u00e0 la place Bargemon <br \/>Le jeudi 12 juin 2025<\/h4>\n<p>[\/et_pb_text][\/et_pb_column][\/et_pb_row][\/et_pb_section][et_pb_section fb_built=\u00a0\u00bb1&Prime; _builder_version=\u00a0\u00bb4.14.4&Prime; _module_preset=\u00a0\u00bbdefault\u00a0\u00bb collapsed=\u00a0\u00bboff\u00a0\u00bb global_colors_info=\u00a0\u00bb{}\u00a0\u00bb][et_pb_row column_structure=\u00a0\u00bb1_2,1_2&Prime; _builder_version=\u00a0\u00bb4.14.4&Prime; _module_preset=\u00a0\u00bbdefault\u00a0\u00bb global_colors_info=\u00a0\u00bb{}\u00a0\u00bb][et_pb_column type=\u00a0\u00bb1_2&Prime; _builder_version=\u00a0\u00bb4.14.4&Prime; _module_preset=\u00a0\u00bbdefault\u00a0\u00bb global_colors_info=\u00a0\u00bb{}\u00a0\u00bb][et_pb_number_counter title=\u00a0\u00bbNombre de classes\u00a0\u00bb number=\u00a0\u00bb17&Prime; percent_sign=\u00a0\u00bboff\u00a0\u00bb _builder_version=\u00a0\u00bb4.14.4&Prime; _module_preset=\u00a0\u00bbdefault\u00a0\u00bb global_colors_info=\u00a0\u00bb{}\u00a0\u00bb][\/et_pb_number_counter][\/et_pb_column][et_pb_column type=\u00a0\u00bb1_2&Prime; _builder_version=\u00a0\u00bb4.14.4&Prime; _module_preset=\u00a0\u00bbdefault\u00a0\u00bb global_colors_info=\u00a0\u00bb{}\u00a0\u00bb][et_pb_number_counter title=\u00a0\u00bbNombre d&rsquo;\u00e9l\u00e8ves\u00a0\u00bb number=\u00a0\u00bb432&Prime; percent_sign=\u00a0\u00bboff\u00a0\u00bb _builder_version=\u00a0\u00bb4.14.4&Prime; _module_preset=\u00a0\u00bbdefault\u00a0\u00bb global_colors_info=\u00a0\u00bb{}\u00a0\u00bb][\/et_pb_number_counter][\/et_pb_column][\/et_pb_row][et_pb_row _builder_version=\u00a0\u00bb4.14.4&Prime; _module_preset=\u00a0\u00bbdefault\u00a0\u00bb global_colors_info=\u00a0\u00bb{}\u00a0\u00bb][et_pb_column type=\u00a0\u00bb4_4&Prime; _builder_version=\u00a0\u00bb4.14.4&Prime; _module_preset=\u00a0\u00bbdefault\u00a0\u00bb global_colors_info=\u00a0\u00bb{}\u00a0\u00bb][et_pb_divider color=\u00a0\u00bbRGBA(255,255,255,0)\u00a0\u00bb _builder_version=\u00a0\u00bb4.14.4&Prime; _module_preset=\u00a0\u00bbdefault\u00a0\u00bb global_colors_info=\u00a0\u00bb{}\u00a0\u00bb][\/et_pb_divider][et_pb_text _builder_version=\u00a0\u00bb4.14.4&Prime; _module_preset=\u00a0\u00bbdefault\u00a0\u00bb global_colors_info=\u00a0\u00bb{}\u00a0\u00bb]<\/p>\n<p style=\"text-align: center;\">Avec les \u00e9coles Bernard Cadenat, Bois Lema\u00eetre, Chave, Hozier, Lodi, Plan d\u2019Aou, Parette Mazenode, Rouet et Saint Louis Gare<\/p>\n<p style=\"text-align: center;\">Avec les coll\u00e8ges Adolphe Monticelli, Estaque, Le Petit Prince (Gignac-La-Nerthe), Malraux et Vieux Port<\/p>\n<p>[\/et_pb_text][\/et_pb_column][\/et_pb_row][\/et_pb_section][et_pb_section fb_built=\u00a0\u00bb1&Prime; _builder_version=\u00a0\u00bb4.14.4&Prime; _module_preset=\u00a0\u00bbdefault\u00a0\u00bb collapsed=\u00a0\u00bboff\u00a0\u00bb global_colors_info=\u00a0\u00bb{}\u00a0\u00bb][et_pb_row _builder_version=\u00a0\u00bb4.14.4&Prime; _module_preset=\u00a0\u00bbdefault\u00a0\u00bb global_colors_info=\u00a0\u00bb{}\u00a0\u00bb][et_pb_column type=\u00a0\u00bb4_4&Prime; _builder_version=\u00a0\u00bb4.14.4&Prime; _module_preset=\u00a0\u00bbdefault\u00a0\u00bb global_colors_info=\u00a0\u00bb{}\u00a0\u00bb][et_pb_text _builder_version=\u00a0\u00bb4.14.4&Prime; _module_preset=\u00a0\u00bbdefault\u00a0\u00bb global_colors_info=\u00a0\u00bb{}\u00a0\u00bb]<\/p>\n<h4>Tout au long de l\u2019ann\u00e9e, les \u00e9l\u00e8ves ont suivi un chemin compos\u00e9 de plusieurs \u00e9tapes :<\/h4>\n<p>[\/et_pb_text][et_pb_divider color=\u00a0\u00bbRGBA(255,255,255,0)\u00a0\u00bb show_divider_last_edited=\u00a0\u00bboff|desktop\u00a0\u00bb _builder_version=\u00a0\u00bb4.14.4&Prime; _module_preset=\u00a0\u00bbdefault\u00a0\u00bb background_color=\u00a0\u00bbRGBA(255,255,255,0)\u00a0\u00bb global_colors_info=\u00a0\u00bb{}\u00a0\u00bb][\/et_pb_divider][\/et_pb_column][\/et_pb_row][et_pb_row column_structure=\u00a0\u00bb1_3,1_3,1_3&Prime; make_equal=\u00a0\u00bbon\u00a0\u00bb _builder_version=\u00a0\u00bb4.14.4&Prime; _module_preset=\u00a0\u00bbdefault\u00a0\u00bb border_radii=\u00a0\u00bbon|5px|5px|5px|5px\u00a0\u00bb global_colors_info=\u00a0\u00bb{}\u00a0\u00bb][et_pb_column type=\u00a0\u00bb1_3&Prime; _builder_version=\u00a0\u00bb4.14.4&Prime; _module_preset=\u00a0\u00bbdefault\u00a0\u00bb global_colors_info=\u00a0\u00bb{}\u00a0\u00bb][et_pb_text _builder_version=\u00a0\u00bb4.14.4&Prime; _module_preset=\u00a0\u00bbdefault\u00a0\u00bb background_color=\u00a0\u00bb#f29ebe\u00a0\u00bb custom_padding=\u00a0\u00bb5px|10px|3px|10px|false|true\u00a0\u00bb global_colors_info=\u00a0\u00bb{}\u00a0\u00bb]<\/p>\n<h4 style=\"text-align: center;\"><em>Les d\u00e9m\u00eal\u00e9es d&rsquo;id\u00e9es<\/em><\/h4>\n<p>[\/et_pb_text][et_pb_text _builder_version=\u00a0\u00bb4.14.4&Prime; _module_preset=\u00a0\u00bbdefault\u00a0\u00bb global_colors_info=\u00a0\u00bb{}\u00a0\u00bb]<\/p>\n<p>Guid\u00e9\u00b7es par le th\u00e9\u00e2tre <em>Badaboum, <\/em>les \u00e9l\u00e8ves ont m\u00eal\u00e9 \u00e9motions et r\u00e9flexion pour s\u2019exprimer po\u00e9tiquement et d\u00e9finir les th\u00e9matiques et les droits qu\u2019ils ont eu envie de d\u00e9fendre lors de la Manif\u00eate<\/p>\n<p>[\/et_pb_text][\/et_pb_column][et_pb_column type=\u00a0\u00bb1_3&Prime; _builder_version=\u00a0\u00bb4.14.4&Prime; _module_preset=\u00a0\u00bbdefault\u00a0\u00bb global_colors_info=\u00a0\u00bb{}\u00a0\u00bb][et_pb_text _builder_version=\u00a0\u00bb4.14.4&Prime; _module_preset=\u00a0\u00bbdefault\u00a0\u00bb background_color=\u00a0\u00bb#f29ebe\u00a0\u00bb custom_padding=\u00a0\u00bb5px|10px|3px|10px|false|true\u00a0\u00bb global_colors_info=\u00a0\u00bb{}\u00a0\u00bb]<\/p>\n<h4 style=\"text-align: center;\"><em>Les ateliers chor\u00e9graphiques<br \/><\/em><\/h4>\n<p>[\/et_pb_text][et_pb_text _builder_version=\u00a0\u00bb4.14.4&Prime; _module_preset=\u00a0\u00bbdefault\u00a0\u00bb global_colors_info=\u00a0\u00bb{}\u00a0\u00bb]<\/p>\n<p>Les \u00e9l\u00e8ves ont \u00e9t\u00e9 accompagn\u00e9\u00b7es par Marina Gomes et les danseur\u2219euses de la compagnie Hylel pour d\u00e9couvrir comment s\u2019exprimer avec leur corps, prendre l\u2019espace ou encore \u00eatre \u00e0 l\u2019\u00e9coute du groupe.<\/p>\n<p>&nbsp;<\/p>\n<p>[\/et_pb_text][\/et_pb_column][et_pb_column type=\u00a0\u00bb1_3&Prime; _builder_version=\u00a0\u00bb4.14.4&Prime; _module_preset=\u00a0\u00bbdefault\u00a0\u00bb global_colors_info=\u00a0\u00bb{}\u00a0\u00bb][et_pb_text _builder_version=\u00a0\u00bb4.14.4&Prime; _module_preset=\u00a0\u00bbdefault\u00a0\u00bb background_color=\u00a0\u00bb#f29ebe\u00a0\u00bb custom_padding=\u00a0\u00bb5px|10px|3px|10px|false|true\u00a0\u00bb global_colors_info=\u00a0\u00bb{}\u00a0\u00bb]<\/p>\n<h4 style=\"text-align: center;\"><em>La cr\u00e9ation sc\u00e9nographique<br \/><\/em><\/h4>\n<p>[\/et_pb_text][et_pb_text _builder_version=\u00a0\u00bb4.14.4&Prime; _module_preset=\u00a0\u00bbdefault\u00a0\u00bb global_colors_info=\u00a0\u00bb{}\u00a0\u00bb]<\/p>\n<p>C\u2019est l\u2019artiste Alice Ruffini qui a cr\u00e9\u00e9 pour et avec les \u00e9l\u00e8ves l\u2019identit\u00e9 visuelle et plastique de cette Manif\u00eate : banderoles peintes \u00e0 la bombe, bulles-slogans, autocollants&#8230; un habillage color\u00e9 des mots des enfants.<\/p>\n<p>[\/et_pb_text][\/et_pb_column][\/et_pb_row][\/et_pb_section][et_pb_section fb_built=\u00a0\u00bb1&Prime; disabled_on=\u00a0\u00bboff|off|off\u00a0\u00bb _builder_version=\u00a0\u00bb4.14.4&Prime; _module_preset=\u00a0\u00bbdefault\u00a0\u00bb global_colors_info=\u00a0\u00bb{}\u00a0\u00bb][et_pb_row _builder_version=\u00a0\u00bb4.14.4&Prime; _module_preset=\u00a0\u00bbdefault\u00a0\u00bb global_colors_info=\u00a0\u00bb{}\u00a0\u00bb][et_pb_column type=\u00a0\u00bb4_4&Prime; _builder_version=\u00a0\u00bb4.14.4&Prime; _module_preset=\u00a0\u00bbdefault\u00a0\u00bb global_colors_info=\u00a0\u00bb{}\u00a0\u00bb][et_pb_text _builder_version=\u00a0\u00bb4.14.4&Prime; _module_preset=\u00a0\u00bbdefault\u00a0\u00bb global_colors_info=\u00a0\u00bb{}\u00a0\u00bb]<\/p>\n<h4>D\u00e9couvrez en images les pr\u00e9paratifs de cette grande journ\u00e9e !<\/h4>\n<p>[\/et_pb_text][et_pb_blog fullwidth=\u00a0\u00bboff\u00a0\u00bb posts_number=\u00a0\u00bb3&Prime; include_categories=\u00a0\u00bb17&Prime; use_manual_excerpt=\u00a0\u00bboff\u00a0\u00bb excerpt_length=\u00a0\u00bb100&Prime; show_author=\u00a0\u00bboff\u00a0\u00bb show_categories=\u00a0\u00bboff\u00a0\u00bb show_pagination=\u00a0\u00bboff\u00a0\u00bb _builder_version=\u00a0\u00bb4.14.4&Prime; _module_preset=\u00a0\u00bbdefault\u00a0\u00bb hover_enabled=\u00a0\u00bb0&Prime; global_colors_info=\u00a0\u00bb{}\u00a0\u00bb sticky_enabled=\u00a0\u00bb0&Prime;][\/et_pb_blog][\/et_pb_column][\/et_pb_row][\/et_pb_section][et_pb_section fb_built=\u00a0\u00bb1&Prime; _builder_version=\u00a0\u00bb4.14.4&Prime; _module_preset=\u00a0\u00bbdefault\u00a0\u00bb global_colors_info=\u00a0\u00bb{}\u00a0\u00bb][et_pb_row _builder_version=\u00a0\u00bb4.14.4&Prime; _module_preset=\u00a0\u00bbdefault\u00a0\u00bb global_colors_info=\u00a0\u00bb{}\u00a0\u00bb][et_pb_column type=\u00a0\u00bb4_4&Prime; _builder_version=\u00a0\u00bb4.14.4&Prime; _module_preset=\u00a0\u00bbdefault\u00a0\u00bb global_colors_info=\u00a0\u00bb{}\u00a0\u00bb][et_pb_text _builder_version=\u00a0\u00bb4.14.4&Prime; _module_preset=\u00a0\u00bbdefault\u00a0\u00bb global_colors_info=\u00a0\u00bb{}\u00a0\u00bb]<\/p>\n<h4>Pour accompagner les enfants :<\/h4>\n<p>[\/et_pb_text][\/et_pb_column][\/et_pb_row][et_pb_row column_structure=\u00a0\u00bb1_4,1_4,1_4,1_4&Prime; _builder_version=\u00a0\u00bb4.14.4&Prime; _module_preset=\u00a0\u00bbdefault\u00a0\u00bb global_colors_info=\u00a0\u00bb{}\u00a0\u00bb][et_pb_column type=\u00a0\u00bb1_4&Prime; _builder_version=\u00a0\u00bb4.14.4&Prime; _module_preset=\u00a0\u00bbdefault\u00a0\u00bb global_colors_info=\u00a0\u00bb{}\u00a0\u00bb][et_pb_team_member name=\u00a0\u00bbLe Badaboum th\u00e9\u00e2tre\u00a0\u00bb image_url=\u00a0\u00bbhttps:\/\/en-classe.festivaldemarseille.com\/wp-content\/uploads\/2025\/01\/Badaboum-petit.jpg\u00a0\u00bb _builder_version=\u00a0\u00bb4.14.4&Prime; _module_preset=\u00a0\u00bbdefault\u00a0\u00bb global_colors_info=\u00a0\u00bb{}\u00a0\u00bb]<\/p>\n<p>Anne-Claude Goustiaux, c<span class=\"OYPEnA font-feature-liga-off font-feature-clig-off font-feature-calt-off text-decoration-none text-strikethrough-none\">om\u00e9dienne, metteuse en sc\u00e8ne et directrice artistique au Badaboum th\u00e9\u00e2tre<\/span><\/p>\n<p>Julie Joaquim, facilitatrice en intelligence collective et collaboratrice au Badaboum th\u00e9\u00e2tre<\/p>\n<p>[\/et_pb_team_member][\/et_pb_column][et_pb_column type=\u00a0\u00bb1_4&Prime; _builder_version=\u00a0\u00bb4.14.4&Prime; _module_preset=\u00a0\u00bbdefault\u00a0\u00bb global_colors_info=\u00a0\u00bb{}\u00a0\u00bb][et_pb_team_member name=\u00a0\u00bbLa Compagnie Hylel\u00a0\u00bb image_url=\u00a0\u00bbhttps:\/\/en-classe.festivaldemarseille.com\/wp-content\/uploads\/2025\/01\/logo-hylel.png\u00a0\u00bb _builder_version=\u00a0\u00bb4.14.4&Prime; _module_preset=\u00a0\u00bbdefault\u00a0\u00bb global_colors_info=\u00a0\u00bb{}\u00a0\u00bb]<\/p>\n<p>Marina Gomes, directrice de la compagnie Hylel et chor\u00e9graphe de la Manif\u00eate<\/p>\n<p>\u00e9paul\u00e9e par les danseur\u2219ses de la compagnie<\/p>\n<p>[\/et_pb_team_member][\/et_pb_column][et_pb_column type=\u00a0\u00bb1_4&Prime; _builder_version=\u00a0\u00bb4.14.4&Prime; _module_preset=\u00a0\u00bbdefault\u00a0\u00bb global_colors_info=\u00a0\u00bb{}\u00a0\u00bb][et_pb_team_member name=\u00a0\u00bbAlice Ruffini\u00a0\u00bb image_url=\u00a0\u00bbhttps:\/\/en-classe.festivaldemarseille.com\/wp-content\/uploads\/2025\/01\/Alice-276.png\u00a0\u00bb _builder_version=\u00a0\u00bb4.14.4&Prime; _module_preset=\u00a0\u00bbdefault\u00a0\u00bb global_colors_info=\u00a0\u00bb{}\u00a0\u00bb]<\/p>\n<p><span class=\"OYPEnA font-feature-liga-off font-feature-clig-off font-feature-calt-off text-decoration-none text-strikethrough-none\">Artiste sc\u00e9nographe qui travaille le sensible, l&rsquo;habiter, Marseille&#8230; et souvent \u00e0 hauteur d&rsquo;enfants.<\/span><\/p>\n<p>[\/et_pb_team_member][\/et_pb_column][et_pb_column type=\u00a0\u00bb1_4&Prime; _builder_version=\u00a0\u00bb4.14.4&Prime; _module_preset=\u00a0\u00bbdefault\u00a0\u00bb global_colors_info=\u00a0\u00bb{}\u00a0\u00bb][et_pb_team_member name=\u00a0\u00bbLe Festival de Marseille\u00a0\u00bb image_url=\u00a0\u00bbhttps:\/\/en-classe.festivaldemarseille.com\/wp-content\/uploads\/2025\/04\/cropped-monogrammeRVB.png\u00a0\u00bb _builder_version=\u00a0\u00bb4.14.4&Prime; _module_preset=\u00a0\u00bbdefault\u00a0\u00bb global_colors_info=\u00a0\u00bb{}\u00a0\u00bb]<\/p>\n<p>Elise Baptiste-voisin, charg\u00e9e des relations avec les publics<\/p>\n<p>Lina Pinatel, volontaire en service civique au sein du service des relations avec les publics<\/p>\n<p>Sonia Arslanian, professeure-relais coordination danse Marseille<\/p>\n<p>[\/et_pb_team_member][\/et_pb_column][\/et_pb_row][\/et_pb_section][et_pb_section fb_built=\u00a0\u00bb1&Prime; _builder_version=\u00a0\u00bb4.14.4&Prime; _module_preset=\u00a0\u00bbdefault\u00a0\u00bb global_colors_info=\u00a0\u00bb{}\u00a0\u00bb][et_pb_row _builder_version=\u00a0\u00bb4.14.4&Prime; _module_preset=\u00a0\u00bbdefault\u00a0\u00bb global_colors_info=\u00a0\u00bb{}\u00a0\u00bb][et_pb_column type=\u00a0\u00bb4_4&Prime; _builder_version=\u00a0\u00bb4.14.4&Prime; _module_preset=\u00a0\u00bbdefault\u00a0\u00bb global_colors_info=\u00a0\u00bb{}\u00a0\u00bb][et_pb_text _builder_version=\u00a0\u00bb4.14.4&Prime; _module_preset=\u00a0\u00bbdefault\u00a0\u00bb text_font_size=\u00a0\u00bb14px\u00a0\u00bb global_colors_info=\u00a0\u00bb{}\u00a0\u00bb]<\/p>\n<p style=\"text-align: right;\"><span data-olk-copy-source=\"MessageBody\">Ce projet a \u00e9t\u00e9 soutenu par la Ville de Marseille, le Minist\u00e8re de la Culture &#8211; Direction r\u00e9gionale des affaires culturelles, le Conseil D\u00e9partemental des Bouches-du-Rh\u00f4ne, la Fondation Voix.es Vues D\u2019ailleurs et l\u2019Acad\u00e9mie d\u2019Aix-Marseille.<br \/><\/span><\/p>\n<p>[\/et_pb_text][\/et_pb_column][\/et_pb_row][\/et_pb_section]<\/p>\n","protected":false},"excerpt":{"rendered":"<p>LA MANIFETE &#8211; le projet de l&rsquo;\u00e9dition 2025Manif\u00eate, nf : grande manifestation culturelle chor\u00e9graphi\u00e9e, dans l\u2019espace public, dont l\u2019objectif est de porter et c\u00e9l\u00e9brer les droits, les r\u00eaves et les engagements des enfants ! Pour l&rsquo;\u00e9dition 2025, le Festival de Marseille a d\u00e9cid\u00e9 de rassembler les \u00e9l\u00e8ves b\u00e9n\u00e9ficiant d\u2019un parcours d\u2019\u00e9ducation artistique et culturelle autour [&hellip;]<\/p>\n","protected":false},"author":1,"featured_media":0,"parent":0,"menu_order":0,"comment_status":"closed","ping_status":"closed","template":"","meta":{"_et_pb_use_builder":"on","_et_pb_old_content":"","_et_gb_content_width":"","jetpack_post_was_ever_published":true,"footnotes":""},"class_list":["post-3037","page","type-page","status-publish","hentry"],"jetpack_sharing_enabled":true,"_links":{"self":[{"href":"https:\/\/en-classe.festivaldemarseille.com\/index.php\/wp-json\/wp\/v2\/pages\/3037","targetHints":{"allow":["GET"]}}],"collection":[{"href":"https:\/\/en-classe.festivaldemarseille.com\/index.php\/wp-json\/wp\/v2\/pages"}],"about":[{"href":"https:\/\/en-classe.festivaldemarseille.com\/index.php\/wp-json\/wp\/v2\/types\/page"}],"author":[{"embeddable":true,"href":"https:\/\/en-classe.festivaldemarseille.com\/index.php\/wp-json\/wp\/v2\/users\/1"}],"replies":[{"embeddable":true,"href":"https:\/\/en-classe.festivaldemarseille.com\/index.php\/wp-json\/wp\/v2\/comments?post=3037"}],"version-history":[{"count":78,"href":"https:\/\/en-classe.festivaldemarseille.com\/index.php\/wp-json\/wp\/v2\/pages\/3037\/revisions"}],"predecessor-version":[{"id":5005,"href":"https:\/\/en-classe.festivaldemarseille.com\/index.php\/wp-json\/wp\/v2\/pages\/3037\/revisions\/5005"}],"wp:attachment":[{"href":"https:\/\/en-classe.festivaldemarseille.com\/index.php\/wp-json\/wp\/v2\/media?parent=3037"}],"curies":[{"name":"wp","href":"https:\/\/api.w.org\/{rel}","templated":true}]}}