{"id":1400,"date":"2022-03-23T17:17:09","date_gmt":"2022-03-23T16:17:09","guid":{"rendered":"https:\/\/en-classe.festivaldemarseille.com\/?page_id=1400"},"modified":"2022-04-14T14:13:25","modified_gmt":"2022-04-14T12:13:25","slug":"ecole-la-cabucelle","status":"publish","type":"page","link":"https:\/\/en-classe.festivaldemarseille.com\/index.php\/clin-doeil\/ecole-la-cabucelle\/","title":{"rendered":"Ecole la Cabucelle"},"content":{"rendered":"<p>[et_pb_section fb_built=\u00a0\u00bb1&Prime; admin_label=\u00a0\u00bbsection\u00a0\u00bb _builder_version=\u00a0\u00bb4.14.4&Prime; global_colors_info=\u00a0\u00bb{}\u00a0\u00bb][et_pb_row _builder_version=\u00a0\u00bb4.14.4&Prime; _module_preset=\u00a0\u00bbdefault\u00a0\u00bb global_colors_info=\u00a0\u00bb{}\u00a0\u00bb][et_pb_column type=\u00a0\u00bb4_4&Prime; _builder_version=\u00a0\u00bb4.14.4&Prime; _module_preset=\u00a0\u00bbdefault\u00a0\u00bb global_colors_info=\u00a0\u00bb{}\u00a0\u00bb][et_pb_text _builder_version=\u00a0\u00bb4.14.4&Prime; _module_preset=\u00a0\u00bbdefault\u00a0\u00bb custom_margin=\u00a0\u00bb||-50px||false|false\u00a0\u00bb global_colors_info=\u00a0\u00bb{}\u00a0\u00bb]<\/p>\n<h1 class=\"document-title\" style=\"margin: 0px; padding: 0px 0px 20px; border: 0px; font-style: normal; font-variant-ligatures: normal; font-variant-caps: normal; font-variant-numeric: inherit; font-variant-east-asian: inherit; font-weight: bold; font-stretch: inherit; font-size: 74px; line-height: 74px; font-family: Mohave, Arial, serif; vertical-align: baseline; text-transform: uppercase; color: #000000; letter-spacing: normal; orphans: 2; text-indent: 0px; white-space: normal; widows: 2; word-spacing: 0px; -webkit-text-stroke-width: 0px; text-decoration-thickness: initial; text-decoration-style: initial; text-decoration-color: initial; text-align: center;\">Ecole elementaire la cabucelle<\/h1>\n<p>[\/et_pb_text][\/et_pb_column][\/et_pb_row][et_pb_row _builder_version=\u00a0\u00bb4.14.4&Prime; _module_preset=\u00a0\u00bbdefault\u00a0\u00bb background_color=\u00a0\u00bb#FFFFFF\u00a0\u00bb custom_padding=\u00a0\u00bb||0px|||\u00a0\u00bb border_color_all=\u00a0\u00bb#FFFFFF\u00a0\u00bb global_colors_info=\u00a0\u00bb{}\u00a0\u00bb][et_pb_column type=\u00a0\u00bb4_4&Prime; _builder_version=\u00a0\u00bb4.14.4&Prime; _module_preset=\u00a0\u00bbdefault\u00a0\u00bb global_colors_info=\u00a0\u00bb{}\u00a0\u00bb][et_pb_text _builder_version=\u00a0\u00bb4.14.4&Prime; _module_preset=\u00a0\u00bbdefault\u00a0\u00bb text_text_color=\u00a0\u00bb#000000&Prime; background_color=\u00a0\u00bbgcid-f983eb1b-fbf9-425a-a23e-ad0522245675&Prime; custom_margin=\u00a0\u00bb0px||10px||false|false\u00a0\u00bb custom_padding=\u00a0\u00bb10px||10px||false|false\u00a0\u00bb hover_enabled=\u00a0\u00bb0&Prime; global_colors_info=\u00a0\u00bb{%22gcid-f983eb1b-fbf9-425a-a23e-ad0522245675%22:%91%22background_color%22%93}\u00a0\u00bb sticky_enabled=\u00a0\u00bb0&Prime;]<\/p>\n<p style=\"text-align: center;\"><strong>Atelier du 18 mars<br \/><\/strong><\/p>\n<p>[\/et_pb_text][et_pb_text _builder_version=\u00a0\u00bb4.14.4&Prime; _module_preset=\u00a0\u00bbdefault\u00a0\u00bb text_text_color=\u00a0\u00bb#000000&Prime; global_colors_info=\u00a0\u00bb{}\u00a0\u00bb][\/et_pb_text][\/et_pb_column][\/et_pb_row][et_pb_row column_structure=\u00a0\u00bb3_5,2_5&Prime; _builder_version=\u00a0\u00bb4.14.4&Prime; _module_preset=\u00a0\u00bbdefault\u00a0\u00bb global_colors_info=\u00a0\u00bb{}\u00a0\u00bb][et_pb_column type=\u00a0\u00bb3_5&Prime; _builder_version=\u00a0\u00bb4.14.4&Prime; _module_preset=\u00a0\u00bbdefault\u00a0\u00bb global_colors_info=\u00a0\u00bb{}\u00a0\u00bb][et_pb_gallery gallery_ids=\u00a0\u00bb1503&Prime; _builder_version=\u00a0\u00bb4.14.4&Prime; _module_preset=\u00a0\u00bbdefault\u00a0\u00bb background_layout=\u00a0\u00bbdark\u00a0\u00bb height=\u00a0\u00bb848px\u00a0\u00bb global_colors_info=\u00a0\u00bb{}\u00a0\u00bb][\/et_pb_gallery][\/et_pb_column][et_pb_column type=\u00a0\u00bb2_5&Prime; _builder_version=\u00a0\u00bb4.14.4&Prime; _module_preset=\u00a0\u00bbdefault\u00a0\u00bb global_colors_info=\u00a0\u00bb{}\u00a0\u00bb][et_pb_text _builder_version=\u00a0\u00bb4.14.4&Prime; _module_preset=\u00a0\u00bbdefault\u00a0\u00bb global_colors_info=\u00a0\u00bb{}\u00a0\u00bb]<\/p>\n<p style=\"text-align: justify;\">Le 18 mars, une classe de CM2 et une classe de CE2-CM1 ont particip\u00e9 \u00e0 un atelier dans le cadre du parcours Clin d&rsquo;oeil.<\/p>\n<p style=\"text-align: justify;\">Ensemble, nous avons discut\u00e9 de nos id\u00e9es re\u00e7ues sur la danse et \u00e9voqu\u00e9 les diff\u00e9rents styles de danse qu&rsquo;on connaissait, suivant les pays et l&rsquo;\u00e9poque.\u00a0<\/p>\n<p style=\"text-align: justify;\">Les \u00e9l\u00e8ves ont eu envie de montrer et partager ce qu&rsquo;ils connaissaient. On a\u00a0 notamment eu de superbes d\u00e9monstrations de breakdance, de flamenco et de pointes de danse classique.\u00a0<\/p>\n<p style=\"text-align: justify;\">\n<p style=\"text-align: justify;\">Merci aux \u00e9l\u00e8ves pour leur enthousiasme !<\/p>\n<p>[\/et_pb_text][\/et_pb_column][\/et_pb_row][et_pb_row column_structure=\u00a0\u00bb1_4,1_4,1_4,1_4&Prime; _builder_version=\u00a0\u00bb4.14.4&Prime; _module_preset=\u00a0\u00bbdefault\u00a0\u00bb custom_padding=\u00a0\u00bb||45px|||\u00a0\u00bb global_colors_info=\u00a0\u00bb{}\u00a0\u00bb][et_pb_column type=\u00a0\u00bb1_4&Prime; _builder_version=\u00a0\u00bb4.14.4&Prime; _module_preset=\u00a0\u00bbdefault\u00a0\u00bb global_colors_info=\u00a0\u00bb{}\u00a0\u00bb][et_pb_testimonial author=\u00a0\u00bbYounes\u00a0\u00bb quote_icon_color=\u00a0\u00bb#000000&Prime; _builder_version=\u00a0\u00bb4.14.4&Prime; _module_preset=\u00a0\u00bbdefault\u00a0\u00bb author_font_size=\u00a0\u00bb18px\u00a0\u00bb height=\u00a0\u00bb223px\u00a0\u00bb global_colors_info=\u00a0\u00bb{}\u00a0\u00bb author__hover_enabled=\u00a0\u00bbon|hover\u00a0\u00bb author__hover=\u00a0\u00bbYounes\u00a0\u00bb]<\/p>\n<p>La danse pour moi c\u2019est du sport et j\u2019aime la danse. Des fois je danse tout seul. Mon titre pr\u00e9f\u00e9r\u00e9 est celui de Soprano<\/p>\n<p>[\/et_pb_testimonial][\/et_pb_column][et_pb_column type=\u00a0\u00bb1_4&Prime; _builder_version=\u00a0\u00bb4.14.4&Prime; _module_preset=\u00a0\u00bbdefault\u00a0\u00bb global_colors_info=\u00a0\u00bb{}\u00a0\u00bb][et_pb_testimonial author=\u00a0\u00bbAline               \u00a0\u00bb quote_icon_color=\u00a0\u00bb#000000&Prime; _builder_version=\u00a0\u00bb4.14.4&Prime; _module_preset=\u00a0\u00bbdefault\u00a0\u00bb author_font_size=\u00a0\u00bb18px\u00a0\u00bb height=\u00a0\u00bb220px\u00a0\u00bb global_colors_info=\u00a0\u00bb{}\u00a0\u00bb]<\/p>\n<p>Pour moi, la danse c\u2019est se montrer comme on est, se lib\u00e9rer. Je danse avec ma famille au mariage parfois.<\/p>\n<p>[\/et_pb_testimonial][\/et_pb_column][et_pb_column type=\u00a0\u00bb1_4&Prime; _builder_version=\u00a0\u00bb4.14.4&Prime; _module_preset=\u00a0\u00bbdefault\u00a0\u00bb global_colors_info=\u00a0\u00bb{}\u00a0\u00bb][et_pb_testimonial author=\u00a0\u00bbZahra\u00a0\u00bb _builder_version=\u00a0\u00bb4.14.4&Prime; _module_preset=\u00a0\u00bbdefault\u00a0\u00bb height=\u00a0\u00bb220px\u00a0\u00bb global_colors_info=\u00a0\u00bb{}\u00a0\u00bb]<\/p>\n<p style=\"text-align: justify;\">Pour moi, la danse c\u2019est se l\u00e2cher, avoir un rythme dans la peau, rigoler avec ses amis et sa famille.<\/p>\n<p>[\/et_pb_testimonial][\/et_pb_column][et_pb_column type=\u00a0\u00bb1_4&Prime; _builder_version=\u00a0\u00bb4.14.4&Prime; _module_preset=\u00a0\u00bbdefault\u00a0\u00bb global_colors_info=\u00a0\u00bb{}\u00a0\u00bb][et_pb_testimonial author=\u00a0\u00bbSaif\u00a0\u00bb _builder_version=\u00a0\u00bb4.14.4&Prime; _module_preset=\u00a0\u00bbdefault\u00a0\u00bb global_colors_info=\u00a0\u00bb{}\u00a0\u00bb]<\/p>\n<p style=\"text-align: justify;\">Personnellement je n\u2019aime pas la danse mais des fois c\u2019est beau et c\u2019est de l\u2019art comme je peux l\u2019appeler.<\/p>\n<p>[\/et_pb_testimonial][\/et_pb_column][\/et_pb_row][et_pb_row column_structure=\u00a0\u00bb1_4,1_4,1_2&Prime; _builder_version=\u00a0\u00bb4.14.4&Prime; _module_preset=\u00a0\u00bbdefault\u00a0\u00bb custom_padding=\u00a0\u00bb||45px|||\u00a0\u00bb global_colors_info=\u00a0\u00bb{}\u00a0\u00bb][et_pb_column type=\u00a0\u00bb1_4&Prime; _builder_version=\u00a0\u00bb4.14.4&Prime; _module_preset=\u00a0\u00bbdefault\u00a0\u00bb global_colors_info=\u00a0\u00bb{}\u00a0\u00bb][et_pb_testimonial author=\u00a0\u00bbSha\u00efmi\u00a0\u00bb _builder_version=\u00a0\u00bb4.14.4&Prime; _module_preset=\u00a0\u00bbdefault\u00a0\u00bb height=\u00a0\u00bb408px\u00a0\u00bb global_colors_info=\u00a0\u00bb{}\u00a0\u00bb]<\/p>\n<p style=\"text-align: justify;\">Pour moi la danse c\u2019est un sport et aussi pour exprimer nos \u00e9motions et pour vider de toutes les choses qui nous emb\u00eatent et qui nous \u00e9nervent ou qui nous rendent tristes. Moi je trouve que la danse c\u2019est bien car c\u2019est beau.<\/p>\n<p>[\/et_pb_testimonial][\/et_pb_column][et_pb_column type=\u00a0\u00bb1_4&Prime; _builder_version=\u00a0\u00bb4.14.4&Prime; _module_preset=\u00a0\u00bbdefault\u00a0\u00bb global_colors_info=\u00a0\u00bb{}\u00a0\u00bb][et_pb_testimonial author=\u00a0\u00bbArmel\u00a0\u00bb _builder_version=\u00a0\u00bb4.14.4&Prime; _module_preset=\u00a0\u00bbdefault\u00a0\u00bb global_colors_info=\u00a0\u00bb{}\u00a0\u00bb]<\/p>\n<p style=\"text-align: justify;\">La danse est un sport disciplinaire que tout le monde peut pratiquer. Il existe plusieurs et diff\u00e9rents types de danse comme la danse classique ou la salsa. Les danses peuvent \u00eatre invent\u00e9es. C\u2019est comme une autre expression des sentiments, cela demande de l\u2019\u00e9nergie<\/p>\n<p>[\/et_pb_testimonial][\/et_pb_column][et_pb_column type=\u00a0\u00bb1_2&Prime; _builder_version=\u00a0\u00bb4.14.4&Prime; _module_preset=\u00a0\u00bbdefault\u00a0\u00bb global_colors_info=\u00a0\u00bb{}\u00a0\u00bb][et_pb_gallery gallery_ids=\u00a0\u00bb1409&Prime; _builder_version=\u00a0\u00bb4.14.4&Prime; _module_preset=\u00a0\u00bbdefault\u00a0\u00bb background_layout=\u00a0\u00bbdark\u00a0\u00bb global_colors_info=\u00a0\u00bb{}\u00a0\u00bb][\/et_pb_gallery][\/et_pb_column][\/et_pb_row][et_pb_row _builder_version=\u00a0\u00bb4.14.4&Prime; _module_preset=\u00a0\u00bbdefault\u00a0\u00bb global_colors_info=\u00a0\u00bb{}\u00a0\u00bb][et_pb_column type=\u00a0\u00bb4_4&Prime; _builder_version=\u00a0\u00bb4.14.4&Prime; _module_preset=\u00a0\u00bbdefault\u00a0\u00bb global_colors_info=\u00a0\u00bb{}\u00a0\u00bb][et_pb_text _builder_version=\u00a0\u00bb4.14.4&Prime; _module_preset=\u00a0\u00bbdefault\u00a0\u00bb text_text_color=\u00a0\u00bb#000000&Prime; header_2_font=\u00a0\u00bb||on|on|||||\u00a0\u00bb header_2_font_size=\u00a0\u00bb36px\u00a0\u00bb header_2_letter_spacing=\u00a0\u00bb9px\u00a0\u00bb background_color=\u00a0\u00bbgcid-67c005a5-dc6b-4d8c-bc0d-ae4a0dfa4dd9&Prime; custom_margin=\u00a0\u00bb-34px||0px||false|false\u00a0\u00bb hover_enabled=\u00a0\u00bb0&Prime; border_width_all=\u00a0\u00bb2px\u00a0\u00bb border_style_all=\u00a0\u00bbdotted\u00a0\u00bb global_colors_info=\u00a0\u00bb{%22gcid-67c005a5-dc6b-4d8c-bc0d-ae4a0dfa4dd9%22:%91%22background_color%22%93}\u00a0\u00bb sticky_enabled=\u00a0\u00bb0&Prime;]<\/p>\n<p style=\"text-align: center;\"><strong>Contactez nous pour plus d&rsquo;information : rp2(at)festivaldemarseille.com<\/strong><\/p>\n<p>[\/et_pb_text][\/et_pb_column][\/et_pb_row][\/et_pb_section]<\/p>\n","protected":false},"excerpt":{"rendered":"<p>Ecole elementaire la cabucelleAtelier du 18 marsLe 18 mars, une classe de CM2 et une classe de CE2-CM1 ont particip\u00e9 \u00e0 un atelier dans le cadre du parcours Clin d&rsquo;oeil. Ensemble, nous avons discut\u00e9 de nos id\u00e9es re\u00e7ues sur la danse et \u00e9voqu\u00e9 les diff\u00e9rents styles de danse qu&rsquo;on connaissait, suivant les pays et l&rsquo;\u00e9poque.\u00a0 [&hellip;]<\/p>\n","protected":false},"author":1,"featured_media":0,"parent":744,"menu_order":0,"comment_status":"closed","ping_status":"closed","template":"","meta":{"_et_pb_use_builder":"on","_et_pb_old_content":"","_et_gb_content_width":"","jetpack_post_was_ever_published":false,"footnotes":""},"class_list":["post-1400","page","type-page","status-publish","hentry"],"jetpack_sharing_enabled":true,"_links":{"self":[{"href":"https:\/\/en-classe.festivaldemarseille.com\/index.php\/wp-json\/wp\/v2\/pages\/1400","targetHints":{"allow":["GET"]}}],"collection":[{"href":"https:\/\/en-classe.festivaldemarseille.com\/index.php\/wp-json\/wp\/v2\/pages"}],"about":[{"href":"https:\/\/en-classe.festivaldemarseille.com\/index.php\/wp-json\/wp\/v2\/types\/page"}],"author":[{"embeddable":true,"href":"https:\/\/en-classe.festivaldemarseille.com\/index.php\/wp-json\/wp\/v2\/users\/1"}],"replies":[{"embeddable":true,"href":"https:\/\/en-classe.festivaldemarseille.com\/index.php\/wp-json\/wp\/v2\/comments?post=1400"}],"version-history":[{"count":12,"href":"https:\/\/en-classe.festivaldemarseille.com\/index.php\/wp-json\/wp\/v2\/pages\/1400\/revisions"}],"predecessor-version":[{"id":1667,"href":"https:\/\/en-classe.festivaldemarseille.com\/index.php\/wp-json\/wp\/v2\/pages\/1400\/revisions\/1667"}],"up":[{"embeddable":true,"href":"https:\/\/en-classe.festivaldemarseille.com\/index.php\/wp-json\/wp\/v2\/pages\/744"}],"wp:attachment":[{"href":"https:\/\/en-classe.festivaldemarseille.com\/index.php\/wp-json\/wp\/v2\/media?parent=1400"}],"curies":[{"name":"wp","href":"https:\/\/api.w.org\/{rel}","templated":true}]}}