{"id":1102,"date":"2022-01-31T11:47:33","date_gmt":"2022-01-31T10:47:33","guid":{"rendered":"https:\/\/en-classe.festivaldemarseille.com\/?page_id=1102"},"modified":"2022-05-03T14:15:19","modified_gmt":"2022-05-03T12:15:19","slug":"college-edouard-manet-carnet-de-bord","status":"publish","type":"page","link":"https:\/\/en-classe.festivaldemarseille.com\/index.php\/college-edouard-manet-carnet-de-bord\/","title":{"rendered":"Coll\u00e8ge \u00c9douard Manet &#8211; Carnet de bord"},"content":{"rendered":"<p>[et_pb_section fb_built=\u00a0\u00bb1&Prime; admin_label=\u00a0\u00bbsection\u00a0\u00bb _builder_version=\u00a0\u00bb4.14.4&Prime; global_colors_info=\u00a0\u00bb{}\u00a0\u00bb][et_pb_row _builder_version=\u00a0\u00bb4.14.4&Prime; _module_preset=\u00a0\u00bbdefault\u00a0\u00bb global_colors_info=\u00a0\u00bb{}\u00a0\u00bb][et_pb_column type=\u00a0\u00bb4_4&Prime; _builder_version=\u00a0\u00bb4.14.4&Prime; _module_preset=\u00a0\u00bbdefault\u00a0\u00bb global_colors_info=\u00a0\u00bb{}\u00a0\u00bb][et_pb_text _builder_version=\u00a0\u00bb4.14.4&Prime; _module_preset=\u00a0\u00bbdefault\u00a0\u00bb custom_margin=\u00a0\u00bb||-50px||false|false\u00a0\u00bb global_colors_info=\u00a0\u00bb{}\u00a0\u00bb]<\/p>\n<h1 class=\"document-title\" style=\"margin: 0px; padding: 0px 0px 20px; border: 0px; font-style: normal; font-variant-ligatures: normal; font-variant-caps: normal; font-variant-numeric: inherit; font-variant-east-asian: inherit; font-weight: bold; font-stretch: inherit; font-size: 74px; line-height: 74px; font-family: Mohave, Arial, serif; vertical-align: baseline; text-transform: uppercase; color: #000000; letter-spacing: normal; orphans: 2; text-align: center; text-indent: 0px; white-space: normal; widows: 2; word-spacing: 0px; -webkit-text-stroke-width: 0px; text-decoration-thickness: initial; text-decoration-style: initial; text-decoration-color: initial;\">COLL\u00c8GE \u00c9DOUARD MANET<\/h1>\n<p>[\/et_pb_text][\/et_pb_column][\/et_pb_row][et_pb_row column_structure=\u00a0\u00bb3_5,2_5&Prime; _builder_version=\u00a0\u00bb4.14.4&Prime; _module_preset=\u00a0\u00bbdefault\u00a0\u00bb custom_padding=\u00a0\u00bb||0px||false|false\u00a0\u00bb global_colors_info=\u00a0\u00bb{}\u00a0\u00bb][et_pb_column type=\u00a0\u00bb3_5&Prime; _builder_version=\u00a0\u00bb4.14.4&Prime; _module_preset=\u00a0\u00bbdefault\u00a0\u00bb global_colors_info=\u00a0\u00bb{}\u00a0\u00bb][et_pb_text _builder_version=\u00a0\u00bb4.14.4&Prime; _module_preset=\u00a0\u00bbdefault\u00a0\u00bb text_text_color=\u00a0\u00bb#000000&Prime; global_colors_info=\u00a0\u00bb{}\u00a0\u00bb]<\/p>\n<p style=\"text-align: justify;\"><strong>Le lundi 24 janvier, 1 \u00e8re rencontre avec la classe de 25 \u00e9l\u00e8ves de 6\u00e8me du coll\u00e8ge \u00c9douard Manet (Marseille 14e) :<\/strong><\/p>\n<p style=\"text-align: justify;\"><strong>Objectifs : <\/strong>faire connaissance \/ expliquer le projet \/ d\u00e9couvrir ou approfondir ses connaissances sur la danse.<\/p>\n<p style=\"text-align: justify;\"><strong>1 \u00e8re m\u00e9diation\u00a0(1h) :<\/strong> D\u00e9finition du mot Festival et types de Festivals. Pr\u00e9sentation de chacun, ses go\u00fbts et pr\u00e9f\u00e9rences en g\u00e9n\u00e9ral. Pr\u00e9sentation du Festival, \u00e9criture de la notion de danse.\u00a0 Blind-test.<\/p>\n<p style=\"text-align: justify;\">Danses du monde. Cultures et civilisations du monde. Alphabet de la danse.<\/p>\n<p style=\"text-align: justify;\">\n<p style=\"text-align: justify;\">\n<p style=\"text-align: justify;\"><strong><\/strong><\/p>\n<p style=\"text-align: justify;\">\n<p>[\/et_pb_text][et_pb_video src=\u00a0\u00bbhttps:\/\/youtu.be\/UFZxK8edZWA\u00a0\u00bb _builder_version=\u00a0\u00bb4.14.4&Prime; _module_preset=\u00a0\u00bbdefault\u00a0\u00bb transform_scale=\u00a0\u00bb74%|74%\u00a0\u00bb transform_translate=\u00a0\u00bb-11px|-75px\u00a0\u00bb custom_margin=\u00a0\u00bb-47px||||false|false\u00a0\u00bb global_colors_info=\u00a0\u00bb{}\u00a0\u00bb][\/et_pb_video][\/et_pb_column][et_pb_column type=\u00a0\u00bb2_5&Prime; _builder_version=\u00a0\u00bb4.14.4&Prime; _module_preset=\u00a0\u00bbdefault\u00a0\u00bb global_colors_info=\u00a0\u00bb{}\u00a0\u00bb][et_pb_text _builder_version=\u00a0\u00bb4.14.4&Prime; _module_preset=\u00a0\u00bbdefault\u00a0\u00bb text_font_size=\u00a0\u00bb11px\u00a0\u00bb text_letter_spacing=\u00a0\u00bb1px\u00a0\u00bb header_font_size=\u00a0\u00bb32px\u00a0\u00bb background_color=\u00a0\u00bbgcid-f983eb1b-fbf9-425a-a23e-ad0522245675&Prime; transform_scale=\u00a0\u00bb92%|92%\u00a0\u00bb transform_translate=\u00a0\u00bb7px|-16px\u00a0\u00bb width=\u00a0\u00bb100%\u00a0\u00bb max_width=\u00a0\u00bb100%\u00a0\u00bb custom_margin=\u00a0\u00bb33px||-5px||false|false\u00a0\u00bb border_width_all=\u00a0\u00bb2px\u00a0\u00bb global_colors_info=\u00a0\u00bb{%22gcid-f983eb1b-fbf9-425a-a23e-ad0522245675%22:%91%22background_color%22%93}\u00a0\u00bb]<\/p>\n<div class=\"single-document__titles\" style=\"margin: 0px; padding: 0px 0px 8px; border: 0px; font-style: normal; font-variant-ligatures: normal; font-variant-caps: normal; font-variant-numeric: inherit; font-variant-east-asian: inherit; font-weight: 400; font-stretch: inherit; font-size: 0px; line-height: inherit; font-family: Roboto, Arial, sans-serif; vertical-align: baseline; color: #000000; letter-spacing: normal; orphans: 2; text-align: start; text-indent: 0px; text-transform: none; white-space: normal; widows: 2; word-spacing: 0px; -webkit-text-stroke-width: 0px; text-decoration-thickness: initial; text-decoration-style: initial; text-decoration-color: initial;\">\n<h2 style=\"text-align: center;\">C\u2019est qui, \u00c9DOUARD MANET ?<\/h2>\n<\/div>\n<div class=\"text-content\" style=\"margin: 0px; padding: 0px; border: 0px; font-style: normal; font-variant-ligatures: normal; font-variant-caps: normal; font-variant-numeric: inherit; font-variant-east-asian: inherit; font-weight: 400; font-stretch: inherit; font-size: 16px; line-height: inherit; font-family: Roboto, Arial, sans-serif; vertical-align: baseline; letter-spacing: 0.039em; color: #000000; orphans: 2; text-align: start; text-indent: 0px; text-transform: none; white-space: normal; widows: 2; word-spacing: 0px; -webkit-text-stroke-width: 0px; text-decoration-thickness: initial; text-decoration-style: initial; text-decoration-color: initial;\">\n<p style=\"margin: 0px; padding: 0px 0px 0px 40px; border: 0px; font: inherit; vertical-align: baseline; text-align: left;\">Peintre fran\u00e7ais (1832-1883) dont les \u0153uvres ont inspir\u00e9 le mouvement impressionniste, mais qui s&rsquo;attacha toujours \u00e0 pr\u00e9server son ind\u00e9pendance. \u00c9douard Manet est un peintre fran\u00e7ais majeur de la fin du XIXe si\u00e8cle.<\/p>\n<p style=\"margin: 0px; padding: 0px 0px 0px 40px; border: 0px; font: inherit; vertical-align: baseline; text-align: left;\">\n<p style=\"margin: 0px; padding: 0px 0px 0px 40px; border: 0px; font: inherit; vertical-align: baseline; text-align: left;\"><em>\u00a0 \u00a0 \u00a0 \u00a0 \u00a0 \u00a0 \u00a0 \u00a0 \u00a0 \u00a0 \u00a0 \u00a0 \u00a0 \u00a0 \u00a0 \u00a0 \u00a0 \u00a0 \u00a0 \u00a0 \u00a0 \u00a0 \u00a0 \u00a0 \u00a0 \u00a0 \u00a0 \u00a0 \u00a0 \u00a0 \u00a0 \u00a0 \u00a0 \u00a0 \u00a0.<\/em><\/p>\n<\/div>\n<p>[\/et_pb_text][et_pb_gallery gallery_ids=\u00a0\u00bb1126,1124,1125,1128&Prime; _builder_version=\u00a0\u00bb4.14.4&Prime; _module_preset=\u00a0\u00bbdefault\u00a0\u00bb pagination_text_align=\u00a0\u00bbcenter\u00a0\u00bb pagination_text_color=\u00a0\u00bb#E02B20&Prime; pagination_line_height=\u00a0\u00bb1.4em\u00a0\u00bb background_color=\u00a0\u00bbRGBA(255,255,255,0)\u00a0\u00bb transform_translate=\u00a0\u00bb4px|61px\u00a0\u00bb background_layout=\u00a0\u00bbdark\u00a0\u00bb max_width=\u00a0\u00bb94%\u00a0\u00bb module_alignment=\u00a0\u00bbcenter\u00a0\u00bb min_height=\u00a0\u00bb354px\u00a0\u00bb height=\u00a0\u00bb391px\u00a0\u00bb max_height=\u00a0\u00bb499px\u00a0\u00bb custom_margin=\u00a0\u00bb-21px||||false|false\u00a0\u00bb custom_padding=\u00a0\u00bb0px||0px||true|false\u00a0\u00bb child_filter_contrast=\u00a0\u00bb104%\u00a0\u00bb child_mix_blend_mode=\u00a0\u00bboverlay\u00a0\u00bb global_colors_info=\u00a0\u00bb{}\u00a0\u00bb][\/et_pb_gallery][\/et_pb_column][\/et_pb_row][et_pb_row column_structure=\u00a0\u00bb2_5,3_5&Prime; _builder_version=\u00a0\u00bb4.14.4&Prime; _module_preset=\u00a0\u00bbdefault\u00a0\u00bb global_colors_info=\u00a0\u00bb{}\u00a0\u00bb][et_pb_column type=\u00a0\u00bb2_5&Prime; _builder_version=\u00a0\u00bb4.14.4&Prime; _module_preset=\u00a0\u00bbdefault\u00a0\u00bb global_colors_info=\u00a0\u00bb{}\u00a0\u00bb][et_pb_text _builder_version=\u00a0\u00bb4.14.4&Prime; _module_preset=\u00a0\u00bbdefault\u00a0\u00bb background_color=\u00a0\u00bbgcid-67c005a5-dc6b-4d8c-bc0d-ae4a0dfa4dd9&Prime; hover_enabled=\u00a0\u00bb0&Prime; global_colors_info=\u00a0\u00bb{%22gcid-67c005a5-dc6b-4d8c-bc0d-ae4a0dfa4dd9%22:%91%22background_color%22%93}\u00a0\u00bb sticky_enabled=\u00a0\u00bb0&Prime;]<\/p>\n<p style=\"text-align: center;\"><strong>Atelier 24 f\u00e9vrier 2022<br \/><\/strong><\/p>\n<p>[\/et_pb_text][et_pb_text _builder_version=\u00a0\u00bb4.14.4&Prime; _module_preset=\u00a0\u00bbdefault\u00a0\u00bb global_colors_info=\u00a0\u00bb{}\u00a0\u00bb]<\/p>\n<p>Les \u00e9l\u00e8ves ont travaill\u00e9 avec la danseuse Eva Baudry sur les notions de mouvement et d&rsquo;espace. Par groupe, ils ont d\u00fb r\u00e9aliser un encha\u00eenement de mouvements devant le reste de la classe \u00e0 partir de gestes quotidiens, comme prendre un objet pos\u00e9 sur le sol. <\/p>\n<p>Les \u00e9l\u00e8ves se sont montr\u00e9s int\u00e9ress\u00e9s, surtout les gar\u00e7ons au moment de r\u00e9aliser des mimes.<\/p>\n<p>[\/et_pb_text][\/et_pb_column][et_pb_column type=\u00a0\u00bb3_5&Prime; _builder_version=\u00a0\u00bb4.14.4&Prime; _module_preset=\u00a0\u00bbdefault\u00a0\u00bb global_colors_info=\u00a0\u00bb{}\u00a0\u00bb][et_pb_gallery gallery_ids=\u00a0\u00bb1779,1781,1782,1784&Prime; _builder_version=\u00a0\u00bb4.14.4&Prime; _module_preset=\u00a0\u00bbdefault\u00a0\u00bb background_layout=\u00a0\u00bbdark\u00a0\u00bb width=\u00a0\u00bb86%\u00a0\u00bb max_width=\u00a0\u00bb96%\u00a0\u00bb min_height=\u00a0\u00bb284px\u00a0\u00bb height=\u00a0\u00bb247px\u00a0\u00bb max_height=\u00a0\u00bb182px\u00a0\u00bb custom_margin=\u00a0\u00bb||42px||false|false\u00a0\u00bb global_colors_info=\u00a0\u00bb{}\u00a0\u00bb][\/et_pb_gallery][\/et_pb_column][\/et_pb_row][et_pb_row column_structure=\u00a0\u00bb1_2,1_2&Prime; _builder_version=\u00a0\u00bb4.14.4&Prime; _module_preset=\u00a0\u00bbdefault\u00a0\u00bb background_color=\u00a0\u00bbgcid-67c005a5-dc6b-4d8c-bc0d-ae4a0dfa4dd9&Prime; global_colors_info=\u00a0\u00bb{%22gcid-67c005a5-dc6b-4d8c-bc0d-ae4a0dfa4dd9%22:%91%22background_color%22%93}\u00a0\u00bb][et_pb_column type=\u00a0\u00bb1_2&Prime; _builder_version=\u00a0\u00bb4.14.4&Prime; _module_preset=\u00a0\u00bbdefault\u00a0\u00bb global_colors_info=\u00a0\u00bb{}\u00a0\u00bb][et_pb_text _builder_version=\u00a0\u00bb4.14.4&Prime; _module_preset=\u00a0\u00bbdefault\u00a0\u00bb background_color=\u00a0\u00bbgcid-f983eb1b-fbf9-425a-a23e-ad0522245675&Prime; global_colors_info=\u00a0\u00bb{%22gcid-f983eb1b-fbf9-425a-a23e-ad0522245675%22:%91%22background_color%22%93}\u00a0\u00bb]<\/p>\n<p style=\"text-align: center;\"><strong>Atelier 10 mars 2022<br \/><\/strong><\/p>\n<p>[\/et_pb_text][et_pb_text _builder_version=\u00a0\u00bb4.14.4&Prime; _module_preset=\u00a0\u00bbdefault\u00a0\u00bb global_colors_info=\u00a0\u00bb{}\u00a0\u00bb]<\/p>\n<p>Atelier r\u00e9alis\u00e9 au studio de r\u00e9petition du Zef, sc\u00e8ne Nationale<\/p>\n<p>Exploration de la danse \u00e0 partir des d\u00e9placements en groupe, syst\u00e8me de mouvement en groupe comme une bande d&rsquo;oiseaux ou de poissons<\/p>\n<p>Analyse et d\u00e9composition du mouvement \u00e0 partir d&rsquo;une action concr\u00e8te, par exemple : prendre un objet, faire un but&#8230;<\/p>\n<p>Travail sur la ligne\u00a0 du temps<\/p>\n<p>Travail sur les d\u00e9placements \u00e0 l&rsquo;\u00e9coute et en groupale<\/p>\n<p>Par moments, dispersion du groupe<\/p>\n<p>Ecriture des textes sur des r\u00eaves<\/p>\n<p>[\/et_pb_text][\/et_pb_column][et_pb_column type=\u00a0\u00bb1_2&Prime; _builder_version=\u00a0\u00bb4.14.4&Prime; _module_preset=\u00a0\u00bbdefault\u00a0\u00bb global_colors_info=\u00a0\u00bb{}\u00a0\u00bb][et_pb_gallery gallery_ids=\u00a0\u00bb1771,1772,1773,1774&Prime; _builder_version=\u00a0\u00bb4.14.4&Prime; _module_preset=\u00a0\u00bbdefault\u00a0\u00bb background_color=\u00a0\u00bbgcid-f983eb1b-fbf9-425a-a23e-ad0522245675&Prime; width=\u00a0\u00bb100%\u00a0\u00bb max_width=\u00a0\u00bb74%\u00a0\u00bb min_height=\u00a0\u00bb100px\u00a0\u00bb height=\u00a0\u00bb485px\u00a0\u00bb max_height=\u00a0\u00bb867px\u00a0\u00bb global_colors_info=\u00a0\u00bb{%22gcid-f983eb1b-fbf9-425a-a23e-ad0522245675%22:%91%22background_color%22%93}\u00a0\u00bb][\/et_pb_gallery][\/et_pb_column][\/et_pb_row][et_pb_row column_structure=\u00a0\u00bb1_2,1_2&Prime; _builder_version=\u00a0\u00bb4.14.4&Prime; _module_preset=\u00a0\u00bbdefault\u00a0\u00bb background_color=\u00a0\u00bbgcid-f983eb1b-fbf9-425a-a23e-ad0522245675&Prime; global_colors_info=\u00a0\u00bb{%22gcid-f983eb1b-fbf9-425a-a23e-ad0522245675%22:%91%22background_color%22%93}\u00a0\u00bb][et_pb_column type=\u00a0\u00bb1_2&Prime; _builder_version=\u00a0\u00bb4.14.4&Prime; _module_preset=\u00a0\u00bbdefault\u00a0\u00bb global_colors_info=\u00a0\u00bb{}\u00a0\u00bb][et_pb_text _builder_version=\u00a0\u00bb4.14.4&Prime; _module_preset=\u00a0\u00bbdefault\u00a0\u00bb background_color=\u00a0\u00bbgcid-a6e8453d-6fda-486d-958e-7f1e23141b0b\u00a0\u00bb global_colors_info=\u00a0\u00bb{%22gcid-a6e8453d-6fda-486d-958e-7f1e23141b0b%22:%91%22background_color%22%93}\u00a0\u00bb]<\/p>\n<p style=\"text-align: center;\"><strong>Atelier 31 mars 2022<br \/><\/strong><\/p>\n<p>[\/et_pb_text][et_pb_text _builder_version=\u00a0\u00bb4.14.4&Prime; _module_preset=\u00a0\u00bbdefault\u00a0\u00bb global_colors_info=\u00a0\u00bb{}\u00a0\u00bb]<\/p>\n<p>Atelier de danse, reprise du travail sur les d\u00e9placements en groupe. Premi\u00e8re partie, \u00e9chauffement \u00e0 partir de d\u00e9placements en occupant tout l&rsquo;espace sc\u00e9nique. Puis, travail sur le rythme, en d\u00e9composant des steps en 8 temps, puis en 4 et finalement en 2 temps.\u00a0<\/p>\n<p>Constitution de parcours pour des trajectoires dans l&rsquo;espace.<\/p>\n<p>Constitution d&rsquo;un sch\u00e9ma de restitution finale.<\/p>\n<p>[\/et_pb_text][\/et_pb_column][et_pb_column type=\u00a0\u00bb1_2&Prime; _builder_version=\u00a0\u00bb4.14.4&Prime; _module_preset=\u00a0\u00bbdefault\u00a0\u00bb global_colors_info=\u00a0\u00bb{}\u00a0\u00bb][et_pb_gallery gallery_ids=\u00a0\u00bb1775,1776,1777,1778&Prime; _builder_version=\u00a0\u00bb4.14.4&Prime; _module_preset=\u00a0\u00bbdefault\u00a0\u00bb background_color=\u00a0\u00bbgcid-f983eb1b-fbf9-425a-a23e-ad0522245675&Prime; background_layout=\u00a0\u00bbdark\u00a0\u00bb width=\u00a0\u00bb100%\u00a0\u00bb max_width=\u00a0\u00bb92%\u00a0\u00bb min_height=\u00a0\u00bb100px\u00a0\u00bb height=\u00a0\u00bb289px\u00a0\u00bb max_height=\u00a0\u00bb765px\u00a0\u00bb global_colors_info=\u00a0\u00bb{%22gcid-f983eb1b-fbf9-425a-a23e-ad0522245675%22:%91%22background_color%22%93}\u00a0\u00bb][\/et_pb_gallery][\/et_pb_column][\/et_pb_row][et_pb_row _builder_version=\u00a0\u00bb4.14.4&Prime; _module_preset=\u00a0\u00bbdefault\u00a0\u00bb custom_margin=\u00a0\u00bb40px||-80px||false|false\u00a0\u00bb global_colors_info=\u00a0\u00bb{}\u00a0\u00bb][et_pb_column type=\u00a0\u00bb4_4&Prime; _builder_version=\u00a0\u00bb4.14.4&Prime; _module_preset=\u00a0\u00bbdefault\u00a0\u00bb global_colors_info=\u00a0\u00bb{}\u00a0\u00bb][et_pb_text _builder_version=\u00a0\u00bb4.14.4&Prime; _module_preset=\u00a0\u00bbdefault\u00a0\u00bb text_text_color=\u00a0\u00bb#000000&Prime; header_2_font=\u00a0\u00bb||on|on|||||\u00a0\u00bb header_2_font_size=\u00a0\u00bb36px\u00a0\u00bb header_2_letter_spacing=\u00a0\u00bb9px\u00a0\u00bb background_color=\u00a0\u00bbgcid-67c005a5-dc6b-4d8c-bc0d-ae4a0dfa4dd9&Prime; custom_margin=\u00a0\u00bb-73px||0px||false|false\u00a0\u00bb border_width_all=\u00a0\u00bb4px\u00a0\u00bb border_style_all=\u00a0\u00bbdotted\u00a0\u00bb global_colors_info=\u00a0\u00bb{%22gcid-67c005a5-dc6b-4d8c-bc0d-ae4a0dfa4dd9%22:%91%22background_color%22%93}\u00a0\u00bb]<\/p>\n<p style=\"text-align: center;\"><strong>Contactez nous pour plus d&rsquo;information : rp2(at)festivaldemarseille.com<\/strong><\/p>\n<p>[\/et_pb_text][\/et_pb_column][\/et_pb_row][\/et_pb_section]<\/p>\n","protected":false},"excerpt":{"rendered":"<p>COLL\u00c8GE \u00c9DOUARD MANETLe lundi 24 janvier, 1 \u00e8re rencontre avec la classe de 25 \u00e9l\u00e8ves de 6\u00e8me du coll\u00e8ge \u00c9douard Manet (Marseille 14e) : Objectifs : faire connaissance \/ expliquer le projet \/ d\u00e9couvrir ou approfondir ses connaissances sur la danse. 1 \u00e8re m\u00e9diation\u00a0(1h) : D\u00e9finition du mot Festival et types de Festivals. Pr\u00e9sentation de [&hellip;]<\/p>\n","protected":false},"author":1,"featured_media":0,"parent":0,"menu_order":0,"comment_status":"closed","ping_status":"closed","template":"","meta":{"_et_pb_use_builder":"on","_et_pb_old_content":"","_et_gb_content_width":"","jetpack_post_was_ever_published":false,"footnotes":""},"class_list":["post-1102","page","type-page","status-publish","hentry"],"jetpack_sharing_enabled":true,"_links":{"self":[{"href":"https:\/\/en-classe.festivaldemarseille.com\/index.php\/wp-json\/wp\/v2\/pages\/1102","targetHints":{"allow":["GET"]}}],"collection":[{"href":"https:\/\/en-classe.festivaldemarseille.com\/index.php\/wp-json\/wp\/v2\/pages"}],"about":[{"href":"https:\/\/en-classe.festivaldemarseille.com\/index.php\/wp-json\/wp\/v2\/types\/page"}],"author":[{"embeddable":true,"href":"https:\/\/en-classe.festivaldemarseille.com\/index.php\/wp-json\/wp\/v2\/users\/1"}],"replies":[{"embeddable":true,"href":"https:\/\/en-classe.festivaldemarseille.com\/index.php\/wp-json\/wp\/v2\/comments?post=1102"}],"version-history":[{"count":14,"href":"https:\/\/en-classe.festivaldemarseille.com\/index.php\/wp-json\/wp\/v2\/pages\/1102\/revisions"}],"predecessor-version":[{"id":1786,"href":"https:\/\/en-classe.festivaldemarseille.com\/index.php\/wp-json\/wp\/v2\/pages\/1102\/revisions\/1786"}],"wp:attachment":[{"href":"https:\/\/en-classe.festivaldemarseille.com\/index.php\/wp-json\/wp\/v2\/media?parent=1102"}],"curies":[{"name":"wp","href":"https:\/\/api.w.org\/{rel}","templated":true}]}}