{"id":1098,"date":"2022-01-31T12:55:25","date_gmt":"2022-01-31T11:55:25","guid":{"rendered":"https:\/\/en-classe.festivaldemarseille.com\/?page_id=1098"},"modified":"2022-05-02T18:10:47","modified_gmt":"2022-05-02T16:10:47","slug":"college-fraissinet-carnet-de-bord","status":"publish","type":"page","link":"https:\/\/en-classe.festivaldemarseille.com\/index.php\/college-fraissinet-carnet-de-bord\/","title":{"rendered":"Coll\u00e8ge Fraissinet &#8211; Carnet de bord"},"content":{"rendered":"<p>[et_pb_section fb_built=\u00a0\u00bb1&Prime; admin_label=\u00a0\u00bbsection\u00a0\u00bb _builder_version=\u00a0\u00bb3.22&Prime; global_colors_info=\u00a0\u00bb{}\u00a0\u00bb][et_pb_row _builder_version=\u00a0\u00bb4.14.4&Prime; _module_preset=\u00a0\u00bbdefault\u00a0\u00bb global_colors_info=\u00a0\u00bb{}\u00a0\u00bb][et_pb_column type=\u00a0\u00bb4_4&Prime; _builder_version=\u00a0\u00bb4.14.4&Prime; _module_preset=\u00a0\u00bbdefault\u00a0\u00bb global_colors_info=\u00a0\u00bb{}\u00a0\u00bb][et_pb_text _builder_version=\u00a0\u00bb4.14.4&Prime; _module_preset=\u00a0\u00bbdefault\u00a0\u00bb custom_margin=\u00a0\u00bb||-50px||false|false\u00a0\u00bb global_colors_info=\u00a0\u00bb{}\u00a0\u00bb]<\/p>\n<h1 class=\"document-title\" style=\"margin: 0px; padding: 0px 0px 20px; border: 0px; font-style: normal; font-variant-ligatures: normal; font-variant-caps: normal; font-variant-numeric: inherit; font-variant-east-asian: inherit; font-weight: bold; font-stretch: inherit; font-size: 74px; line-height: 74px; font-family: Mohave, Arial, serif; vertical-align: baseline; text-transform: uppercase; color: #000000; letter-spacing: normal; orphans: 2; text-align: start; text-indent: 0px; white-space: normal; widows: 2; word-spacing: 0px; -webkit-text-stroke-width: 0px; text-decoration-thickness: initial; text-decoration-style: initial; text-decoration-color: initial;\">COLL\u00c8GE FRAISSINET<\/h1>\n<p>[\/et_pb_text][\/et_pb_column][\/et_pb_row][et_pb_row _builder_version=\u00a0\u00bb4.14.4&Prime; _module_preset=\u00a0\u00bbdefault\u00a0\u00bb global_colors_info=\u00a0\u00bb{}\u00a0\u00bb][et_pb_column type=\u00a0\u00bb4_4&Prime; _builder_version=\u00a0\u00bb4.14.4&Prime; _module_preset=\u00a0\u00bbdefault\u00a0\u00bb global_colors_info=\u00a0\u00bb{}\u00a0\u00bb][et_pb_text _builder_version=\u00a0\u00bb4.14.4&Prime; _module_preset=\u00a0\u00bbdefault\u00a0\u00bb text_text_color=\u00a0\u00bb#000000&Prime; global_colors_info=\u00a0\u00bb{}\u00a0\u00bb]<\/p>\n<p><strong>Le 10 janvier 2022, 1\u00e8re rencontre avec la classe de 25 \u00e9l\u00e8ves de 3\u00e8me du coll\u00e8ge Fraissinet (Marseille 5e) :<br \/><\/strong><strong><\/strong><\/p>\n<p><strong>Objectifs : <\/strong>faire connaissance \/ expliquer le projet \/ d\u00e9couvrir ou approfondir ses connaissances sur la danse.<\/p>\n<p>Rencontre avec les \u00e9l\u00e8ves \u00e0 partir des questions et affirmations personnelles.<br \/>Pr\u00e9sentation du Festival \u2013 ses disciplines et du projet.<br \/>Exprimer son rapport \u00e0 l&rsquo;art.<\/p>\n<p>[\/et_pb_text][\/et_pb_column][\/et_pb_row][et_pb_row column_structure=\u00a0\u00bb1_3,1_3,1_3&Prime; _builder_version=\u00a0\u00bb4.14.4&Prime; _module_preset=\u00a0\u00bbdefault\u00a0\u00bb global_colors_info=\u00a0\u00bb{}\u00a0\u00bb][et_pb_column type=\u00a0\u00bb1_3&Prime; _builder_version=\u00a0\u00bb4.14.4&Prime; _module_preset=\u00a0\u00bbdefault\u00a0\u00bb global_colors_info=\u00a0\u00bb{}\u00a0\u00bb][et_pb_testimonial author=\u00a0\u00bbAgnicia\u00a0\u00bb quote_icon_color=\u00a0\u00bb#000000&Prime; quote_icon_background_color=\u00a0\u00bb#FFFFFF\u00a0\u00bb font_icon=\u00a0\u00bb&#x7c;||divi||400&Prime; _builder_version=\u00a0\u00bb4.14.4&Prime; _module_preset=\u00a0\u00bbdefault\u00a0\u00bb body_text_color=\u00a0\u00bb#000000&Prime; global_colors_info=\u00a0\u00bb{}\u00a0\u00bb]<\/p>\n<blockquote>\n<p>\u00ab\u00a0Pour moi l\u2019art m\u2019a int\u00e9ress\u00e9 depuis petite, car dans ma famille l\u2019art (le chant, la danse, le dessin) sont tr\u00e8s pr\u00e9sents. Et dans ma culture aussi (Madagascar). Alors pour moi c\u2019est un moyen de me reposer, me sentir libre, de pouvoir montrer ce qu\u2019on veut en danse, dessin\u2026 Ca peut avoir un impact positif pour cette personne, pour moi aussi le chant m&rsquo;a beaucoup aid\u00e9e. Je peux me mettre dans la peau du chanteur et de comprendre ce qu\u2019il ressent, et pareil pour la danse, l\u2019art.<\/p>\n<\/blockquote>\n<p>[\/et_pb_testimonial][\/et_pb_column][et_pb_column type=\u00a0\u00bb1_3&Prime; _builder_version=\u00a0\u00bb4.14.4&Prime; _module_preset=\u00a0\u00bbdefault\u00a0\u00bb global_colors_info=\u00a0\u00bb{}\u00a0\u00bb][et_pb_testimonial author=\u00a0\u00bbJessy\u00a0\u00bb quote_icon_color=\u00a0\u00bb#000000&Prime; quote_icon_background_color=\u00a0\u00bb#FFFFFF\u00a0\u00bb font_icon=\u00a0\u00bb&#x7c;||divi||400&Prime; _builder_version=\u00a0\u00bb4.14.4&Prime; _module_preset=\u00a0\u00bbdefault\u00a0\u00bb body_text_color=\u00a0\u00bb#000000&Prime; locked=\u00a0\u00bboff\u00a0\u00bb global_colors_info=\u00a0\u00bb{}\u00a0\u00bb]<\/p>\n<blockquote>\n<p>\u00ab\u00a0L\u2019art que se soit quand on le voit quand on l\u2019\u00e9coute ou que l\u2019on produise de l\u2019art on se lib\u00e8re on se livre \u00e0 travers l\u2019art, n\u2019importe lequel, le th\u00e9\u00e2tre, la peinture, la danse, la musique. Mais, il faut aimer l\u2019art pour ressentir quelque chose sinon on ressent que de l\u2019ennui.<\/p>\n<p>On peut exprimer plusieurs \u00e9motions, sentiment avec l\u2019art et dans tous les domaines, on peut danser la col\u00e8re, chanter la tristesse, peindre notre bonne humeur, dans le th\u00e9\u00e2tre aussi on peut par exemple montrer notre vision de l\u2019amour ou de l\u2019amiti\u00e9, de la relation avec les autres dans notre soci\u00e9t\u00e9.<\/p>\n<\/blockquote>\n<p>[\/et_pb_testimonial][\/et_pb_column][et_pb_column type=\u00a0\u00bb1_3&Prime; _builder_version=\u00a0\u00bb4.14.4&Prime; _module_preset=\u00a0\u00bbdefault\u00a0\u00bb global_colors_info=\u00a0\u00bb{}\u00a0\u00bb][et_pb_testimonial author=\u00a0\u00bbCarla\u00a0\u00bb quote_icon_color=\u00a0\u00bb#000000&Prime; quote_icon_background_color=\u00a0\u00bb#FFFFFF\u00a0\u00bb font_icon=\u00a0\u00bb&#x7c;||divi||400&Prime; _builder_version=\u00a0\u00bb4.14.4&Prime; _module_preset=\u00a0\u00bbdefault\u00a0\u00bb body_text_color=\u00a0\u00bb#000000&Prime; locked=\u00a0\u00bboff\u00a0\u00bb global_colors_info=\u00a0\u00bb{}\u00a0\u00bb]<\/p>\n<blockquote>\n<p>\u00ab\u00a0Pour moi l\u2019art c\u2019est une mani\u00e8re de s\u2019exprimer sans utiliser la voix. C\u2019est une fa\u00e7on de se lib\u00e9rer de ses \u00e9motions tout en restant dans le contr\u00f4le et la ma\u00eetrise de soi-m\u00eame. C\u2019est de rendre une \u00e9motion triste, en col\u00e8re, en quelque chose de beau.<\/p>\n<\/blockquote>\n<p>[\/et_pb_testimonial][\/et_pb_column][\/et_pb_row][et_pb_row column_structure=\u00a0\u00bb1_2,1_2&Prime; _builder_version=\u00a0\u00bb4.14.4&Prime; _module_preset=\u00a0\u00bbdefault\u00a0\u00bb hover_enabled=\u00a0\u00bb0&Prime; global_colors_info=\u00a0\u00bb{%22gcid-67c005a5-dc6b-4d8c-bc0d-ae4a0dfa4dd9%22:%91%22background_color%22%93}\u00a0\u00bb background_color=\u00a0\u00bbgcid-67c005a5-dc6b-4d8c-bc0d-ae4a0dfa4dd9&Prime; sticky_enabled=\u00a0\u00bb0&Prime;][et_pb_column type=\u00a0\u00bb1_2&Prime; _builder_version=\u00a0\u00bb4.14.4&Prime; _module_preset=\u00a0\u00bbdefault\u00a0\u00bb global_colors_info=\u00a0\u00bb{}\u00a0\u00bb][et_pb_text _builder_version=\u00a0\u00bb4.14.4&Prime; _module_preset=\u00a0\u00bbdefault\u00a0\u00bb text_text_color=\u00a0\u00bb#000000&Prime; background_color=\u00a0\u00bbgcid-f983eb1b-fbf9-425a-a23e-ad0522245675&Prime; custom_margin=\u00a0\u00bb0px||10px||false|false\u00a0\u00bb custom_padding=\u00a0\u00bb10px||10px||false|false\u00a0\u00bb global_colors_info=\u00a0\u00bb{%22gcid-f983eb1b-fbf9-425a-a23e-ad0522245675%22:%91%22background_color%22%93}\u00a0\u00bb]<\/p>\n<p style=\"text-align: center;\"><strong>Atelier 26 janvier 2022<br \/><\/strong><\/p>\n<p>[\/et_pb_text][et_pb_gallery gallery_ids=\u00a0\u00bb1140,1139,1138,1137,1136,1135,1134&Prime; _builder_version=\u00a0\u00bb4.14.4&Prime; _module_preset=\u00a0\u00bbdefault\u00a0\u00bb background_color=\u00a0\u00bbRGBA(255,255,255,0)\u00a0\u00bb global_colors_info=\u00a0\u00bb{}\u00a0\u00bb][\/et_pb_gallery][\/et_pb_column][et_pb_column type=\u00a0\u00bb1_2&Prime; _builder_version=\u00a0\u00bb4.14.4&Prime; _module_preset=\u00a0\u00bbdefault\u00a0\u00bb global_colors_info=\u00a0\u00bb{}\u00a0\u00bb][et_pb_text _builder_version=\u00a0\u00bb4.14.4&Prime; _module_preset=\u00a0\u00bbdefault\u00a0\u00bb text_text_color=\u00a0\u00bb#000000&Prime; background_color=\u00a0\u00bbgcid-f983eb1b-fbf9-425a-a23e-ad0522245675&Prime; custom_margin=\u00a0\u00bb0px||10px||false|false\u00a0\u00bb custom_padding=\u00a0\u00bb10px||10px||false|false\u00a0\u00bb global_colors_info=\u00a0\u00bb{%22gcid-f983eb1b-fbf9-425a-a23e-ad0522245675%22:%91%22background_color%22%93}\u00a0\u00bb][\/et_pb_text][et_pb_text _builder_version=\u00a0\u00bb4.14.4&Prime; _module_preset=\u00a0\u00bbdefault\u00a0\u00bb text_text_color=\u00a0\u00bb#000000&Prime; global_colors_info=\u00a0\u00bb{}\u00a0\u00bb]<\/p>\n<p>Pr\u00e9sentation de chacun et du parcours \u00e0 r\u00e9aliser.<\/p>\n<p>Lecture en collectif du texte <em>Femmes qui courent avec les loups<\/em> \u2013 de Clarisse Pinkola Est\u00e9s. D\u00e9finition de la danse \u00e0 partir des extraits vid\u00e9os.<\/p>\n<p>Marche dans tout l\u2019espace disponible. Diff\u00e9rents rythmes et d\u00e9marches dont celle d\u2019un membre de la famille ou d\u2019une p\u00e9riode de la vie.<\/p>\n<p>Danse \u00e0 partir d\u2019un mot. Travail sur les niveaux,\u00a0 ensemble et en solo.<\/p>\n<p>Utilisation du langage dans\u00e9 travaill\u00e9 et des vid\u00e9os visionn\u00e9es pour un moment d\u2019improvisation collectif.<\/p>\n<p>[\/et_pb_text][\/et_pb_column][\/et_pb_row][et_pb_row column_structure=\u00a0\u00bb1_2,1_2&Prime; _builder_version=\u00a0\u00bb4.14.4&Prime; _module_preset=\u00a0\u00bbdefault\u00a0\u00bb hover_enabled=\u00a0\u00bb0&Prime; global_colors_info=\u00a0\u00bb{}\u00a0\u00bb custom_padding=\u00a0\u00bb||50px|||\u00a0\u00bb sticky_enabled=\u00a0\u00bb0&Prime;][et_pb_column type=\u00a0\u00bb1_2&Prime; _builder_version=\u00a0\u00bb4.14.4&Prime; _module_preset=\u00a0\u00bbdefault\u00a0\u00bb global_colors_info=\u00a0\u00bb{}\u00a0\u00bb][et_pb_text _builder_version=\u00a0\u00bb4.14.4&Prime; _module_preset=\u00a0\u00bbdefault\u00a0\u00bb text_text_color=\u00a0\u00bb#000000&Prime; background_color=\u00a0\u00bbgcid-a6e8453d-6fda-486d-958e-7f1e23141b0b\u00a0\u00bb custom_margin=\u00a0\u00bb0px||10px||false|false\u00a0\u00bb custom_padding=\u00a0\u00bb10px||10px||false|false\u00a0\u00bb global_colors_info=\u00a0\u00bb{%22gcid-a6e8453d-6fda-486d-958e-7f1e23141b0b%22:%91%22background_color%22%93}\u00a0\u00bb]<\/p>\n<p style=\"text-align: center;\"><strong>Atelier 07 mars 2022<br \/><\/strong><\/p>\n<p>[\/et_pb_text][et_pb_text _builder_version=\u00a0\u00bb4.14.4&Prime; _module_preset=\u00a0\u00bbdefault\u00a0\u00bb text_text_color=\u00a0\u00bb#000000&Prime; custom_padding=\u00a0\u00bb0px|||||\u00a0\u00bb global_colors_info=\u00a0\u00bb{}\u00a0\u00bb]<\/p>\n<p>Reprise du texte <em>Femmes qui courent avec les loups<\/em><\/p>\n<p>Rentrer en \u00e9tat de danse \u00e0 partir des textes<\/p>\n<p>Echauffement collectif<\/p>\n<p>D\u00e9finition du mot \u00ab\u00a0femme\u00a0\u00bb \u00e0 diff\u00e9rents moments de l&rsquo;atelier<\/p>\n<p>Dict\u00e9e dans\u00e9e<\/p>\n<p>&nbsp;<\/p>\n<p>&nbsp;<\/p>\n<p>[\/et_pb_text][\/et_pb_column][et_pb_column type=\u00a0\u00bb1_2&Prime; _builder_version=\u00a0\u00bb4.14.4&Prime; _module_preset=\u00a0\u00bbdefault\u00a0\u00bb global_colors_info=\u00a0\u00bb{}\u00a0\u00bb][et_pb_text _builder_version=\u00a0\u00bb4.14.4&Prime; _module_preset=\u00a0\u00bbdefault\u00a0\u00bb text_text_color=\u00a0\u00bb#000000&Prime; background_color=\u00a0\u00bbgcid-a6e8453d-6fda-486d-958e-7f1e23141b0b\u00a0\u00bb custom_margin=\u00a0\u00bb0px||10px||false|false\u00a0\u00bb custom_padding=\u00a0\u00bb10px||10px||false|false\u00a0\u00bb global_colors_info=\u00a0\u00bb{%22gcid-a6e8453d-6fda-486d-958e-7f1e23141b0b%22:%91%22background_color%22%93}\u00a0\u00bb][\/et_pb_text][et_pb_gallery gallery_ids=\u00a0\u00bb1301,1302,1303,1304,1305,1306&Prime; _builder_version=\u00a0\u00bb4.14.4&Prime; _module_preset=\u00a0\u00bbdefault\u00a0\u00bb background_layout=\u00a0\u00bbdark\u00a0\u00bb child_mix_blend_mode=\u00a0\u00bbscreen\u00a0\u00bb global_colors_info=\u00a0\u00bb{}\u00a0\u00bb][\/et_pb_gallery][\/et_pb_column][\/et_pb_row][et_pb_row column_structure=\u00a0\u00bb1_2,1_2&Prime; _builder_version=\u00a0\u00bb4.14.4&Prime; _module_preset=\u00a0\u00bbdefault\u00a0\u00bb global_colors_info=\u00a0\u00bb{%22gcid-f983eb1b-fbf9-425a-a23e-ad0522245675%22:%91%22background_color%22%93}\u00a0\u00bb custom_padding=\u00a0\u00bb||50px|||\u00a0\u00bb background_color=\u00a0\u00bbgcid-f983eb1b-fbf9-425a-a23e-ad0522245675&Prime;][et_pb_column type=\u00a0\u00bb1_2&Prime; _builder_version=\u00a0\u00bb4.14.4&Prime; _module_preset=\u00a0\u00bbdefault\u00a0\u00bb global_colors_info=\u00a0\u00bb{}\u00a0\u00bb][et_pb_text _builder_version=\u00a0\u00bb4.14.4&Prime; _module_preset=\u00a0\u00bbdefault\u00a0\u00bb text_text_color=\u00a0\u00bb#000000&Prime; background_color=\u00a0\u00bbgcid-a6e8453d-6fda-486d-958e-7f1e23141b0b\u00a0\u00bb custom_margin=\u00a0\u00bb0px||10px||false|false\u00a0\u00bb custom_padding=\u00a0\u00bb10px||10px||false|false\u00a0\u00bb global_colors_info=\u00a0\u00bb{%22gcid-a6e8453d-6fda-486d-958e-7f1e23141b0b%22:%91%22background_color%22%93}\u00a0\u00bb]<\/p>\n<p style=\"text-align: center;\"><strong>Atelier 21 mars 2022<br \/><\/strong><\/p>\n<p>[\/et_pb_text][et_pb_text _builder_version=\u00a0\u00bb4.14.4&Prime; _module_preset=\u00a0\u00bbdefault\u00a0\u00bb text_text_color=\u00a0\u00bb#000000&Prime; custom_padding=\u00a0\u00bb0px|||||\u00a0\u00bb global_colors_info=\u00a0\u00bb{}\u00a0\u00bb]<\/p>\n<p>Reprise du texte <em>Femmes qui courent avec les loups<\/em><\/p>\n<p>Echauffement collectif<\/p>\n<p>Dict\u00e9e dans\u00e9e &#8211; Chor\u00e9graphie<\/p>\n<p>\u00a0Temps d&rsquo;exploration et improvisation<\/p>\n<p>&nbsp;<\/p>\n<p>&nbsp;<\/p>\n<p>[\/et_pb_text][\/et_pb_column][et_pb_column type=\u00a0\u00bb1_2&Prime; _builder_version=\u00a0\u00bb4.14.4&Prime; _module_preset=\u00a0\u00bbdefault\u00a0\u00bb global_colors_info=\u00a0\u00bb{}\u00a0\u00bb][et_pb_text _builder_version=\u00a0\u00bb4.14.4&Prime; _module_preset=\u00a0\u00bbdefault\u00a0\u00bb text_text_color=\u00a0\u00bb#000000&Prime; background_color=\u00a0\u00bbgcid-a6e8453d-6fda-486d-958e-7f1e23141b0b\u00a0\u00bb custom_margin=\u00a0\u00bb0px||10px||false|false\u00a0\u00bb custom_padding=\u00a0\u00bb10px||10px||false|false\u00a0\u00bb global_colors_info=\u00a0\u00bb{%22gcid-a6e8453d-6fda-486d-958e-7f1e23141b0b%22:%91%22background_color%22%93}\u00a0\u00bb][\/et_pb_text][et_pb_video src=\u00a0\u00bbhttps:\/\/vimeo.com\/699065891&Prime; _builder_version=\u00a0\u00bb4.14.4&Prime; _module_preset=\u00a0\u00bbdefault\u00a0\u00bb hover_enabled=\u00a0\u00bb0&Prime; sticky_enabled=\u00a0\u00bb0&Prime;][\/et_pb_video][\/et_pb_column][\/et_pb_row][et_pb_row _builder_version=\u00a0\u00bb4.14.4&Prime; _module_preset=\u00a0\u00bbdefault\u00a0\u00bb global_colors_info=\u00a0\u00bb{}\u00a0\u00bb][et_pb_column type=\u00a0\u00bb4_4&Prime; _builder_version=\u00a0\u00bb4.14.4&Prime; _module_preset=\u00a0\u00bbdefault\u00a0\u00bb global_colors_info=\u00a0\u00bb{}\u00a0\u00bb][et_pb_text _builder_version=\u00a0\u00bb4.14.4&Prime; _module_preset=\u00a0\u00bbdefault\u00a0\u00bb text_text_color=\u00a0\u00bb#000000&Prime; header_2_font=\u00a0\u00bb||on|on|||||\u00a0\u00bb header_2_font_size=\u00a0\u00bb36px\u00a0\u00bb header_2_letter_spacing=\u00a0\u00bb9px\u00a0\u00bb background_color=\u00a0\u00bbgcid-67c005a5-dc6b-4d8c-bc0d-ae4a0dfa4dd9&Prime; custom_margin=\u00a0\u00bb-10px||0px||false|false\u00a0\u00bb border_width_all=\u00a0\u00bb4px\u00a0\u00bb border_style_all=\u00a0\u00bbdotted\u00a0\u00bb global_colors_info=\u00a0\u00bb{%22gcid-67c005a5-dc6b-4d8c-bc0d-ae4a0dfa4dd9%22:%91%22background_color%22%93}\u00a0\u00bb]<\/p>\n<p style=\"text-align: center;\"><strong>Contactez nous pour plus d&rsquo;information : rp2(at)festivaldemarseille.com<\/strong><\/p>\n<p>[\/et_pb_text][\/et_pb_column][\/et_pb_row][\/et_pb_section]<\/p>\n","protected":false},"excerpt":{"rendered":"<p>COLL\u00c8GE FRAISSINETLe 10 janvier 2022, 1\u00e8re rencontre avec la classe de 25 \u00e9l\u00e8ves de 3\u00e8me du coll\u00e8ge Fraissinet (Marseille 5e) : Objectifs : faire connaissance \/ expliquer le projet \/ d\u00e9couvrir ou approfondir ses connaissances sur la danse. Rencontre avec les \u00e9l\u00e8ves \u00e0 partir des questions et affirmations personnelles.Pr\u00e9sentation du Festival \u2013 ses disciplines et [&hellip;]<\/p>\n","protected":false},"author":1,"featured_media":0,"parent":0,"menu_order":0,"comment_status":"closed","ping_status":"closed","template":"","meta":{"_et_pb_use_builder":"on","_et_pb_old_content":"","_et_gb_content_width":"","jetpack_post_was_ever_published":false,"footnotes":""},"class_list":["post-1098","page","type-page","status-publish","hentry"],"jetpack_sharing_enabled":true,"_links":{"self":[{"href":"https:\/\/en-classe.festivaldemarseille.com\/index.php\/wp-json\/wp\/v2\/pages\/1098","targetHints":{"allow":["GET"]}}],"collection":[{"href":"https:\/\/en-classe.festivaldemarseille.com\/index.php\/wp-json\/wp\/v2\/pages"}],"about":[{"href":"https:\/\/en-classe.festivaldemarseille.com\/index.php\/wp-json\/wp\/v2\/types\/page"}],"author":[{"embeddable":true,"href":"https:\/\/en-classe.festivaldemarseille.com\/index.php\/wp-json\/wp\/v2\/users\/1"}],"replies":[{"embeddable":true,"href":"https:\/\/en-classe.festivaldemarseille.com\/index.php\/wp-json\/wp\/v2\/comments?post=1098"}],"version-history":[{"count":16,"href":"https:\/\/en-classe.festivaldemarseille.com\/index.php\/wp-json\/wp\/v2\/pages\/1098\/revisions"}],"predecessor-version":[{"id":1731,"href":"https:\/\/en-classe.festivaldemarseille.com\/index.php\/wp-json\/wp\/v2\/pages\/1098\/revisions\/1731"}],"wp:attachment":[{"href":"https:\/\/en-classe.festivaldemarseille.com\/index.php\/wp-json\/wp\/v2\/media?parent=1098"}],"curies":[{"name":"wp","href":"https:\/\/api.w.org\/{rel}","templated":true}]}}